{"id":1284,"date":"2018-12-17T13:14:27","date_gmt":"2018-12-17T12:14:27","guid":{"rendered":"https:\/\/www.la-cordee.net\/?post_type=cordee&#038;p=1284"},"modified":"2026-03-09T12:08:16","modified_gmt":"2026-03-09T11:08:16","slug":"paris-gare-de-lyon","status":"publish","type":"cordee","link":"https:\/\/www.la-cordee.net\/en\/cordee\/paris\/paris-gare-de-lyon\/","title":{"rendered":"Paris &#8211; Gare de Lyon"},"content":{"rendered":"<\/div><\/div><\/div><!-- close content main div --><\/div><\/div><div id='av_section_1'  class='avia-section main_color avia-section-default avia-no-border-styling  avia-bg-style-scroll   av-minimum-height av-minimum-height-custom  container_wrap fullsize' style='background-repeat: no-repeat; background-image: url(https:\/\/www.la-cordee.net\/wp-content\/uploads\/BandeauParis-1.jpg);background-attachment: scroll; background-position: top center;  '  data-section-bg-repeat='no-repeat'><div class='container' style='height:220px'><div class='template-page content  av-content-full alpha units'><div class='post-entry post-entry-type-page post-entry-1284'><div class='entry-content-wrapper clearfix'>\n<section class=\"av_textblock_section \"  =\"\" =\"https:\/\/schema.org\/CreativeWork\" ><div class='avia_textblock  '  style='font-size:40px; '  =\"text\" ><h1 style=\"font-weight: 300; font-family: Lato; color: #ffffff; text-align: center;\"><span style=\"background-color: rgba(131, 135, 14, 0.7);\">Coworking space in Paris \/ Gare de Lyon<\/span><\/h1>\n<\/div><\/section>\n\n<div class=\"flex_column av_one_fifth  flex_column_div av-zero-column-padding first  \" style='border-radius:0px; '><\/div>\n<div class=\"flex_column av_three_fifth  flex_column_div av-zero-column-padding   \" style='border-radius:0px; '><p><div  style='height:10px' class='hr hr-invisible  '><span class='hr-inner ' ><span class='hr-inner-style'><\/span><\/span><\/div><br \/>\n<section class=\"av_textblock_section \"  =\"\" =\"https:\/\/schema.org\/CreativeWork\" ><div class='avia_textblock  '   =\"text\" ><h2 style=\"text-align: center;\"><span class=\"c-message__body\" dir=\"auto\" data-qa=\"message-text\">La Cord\u00e9e coworking Paris &#8211; Gare de Lyon<\/span><\/h2>\n<p style=\"text-align: center;\"><span class=\"c-message__body\" dir=\"auto\" data-qa=\"message-text\">\ud83d\udccdLocated on the ground floor at <strong><a href=\"https:\/\/goo.gl\/maps\/EfBirAWi3nR9BHtGA\" target=\"_blank\" rel=\"noopener\">61 Rue Traversi\u00e8re, 75012 Paris<\/a><\/strong>.<br \/>\n\u23f0 Open 24\/7 for members!<br \/>\n<\/span><\/p>\n<div>\n<div class=\"standard-markdown grid-cols-1 grid &#091;&amp;_&gt;&lt;p&gt;_*&#093;:min-w-0 gap-3\">\n<p class=\"font-claude-response-body break-words whitespace-normal leading-&#091;1.7&#093;\" style=\"text-align: center;\"><strong>The coworking space at the heart of Paris 12th arrondissement life <\/strong><strong style=\"text-align: center;\">\ud83d\ude0e<\/strong><\/p>\n<\/div>\n<\/div>\n<p style=\"text-align: center;\">Located 499 meters from Gare de Lyon (precisely) and 300 meters from Ledru-Rollin metro station, La Cord\u00e9e is very easy to access. Between the Coul\u00e9e Verte, the Aligre market, caf\u00e9s and bistros, the neighborhood life has everything to offer. Behind La Cord\u00e9e&#8217;s storefront, you&#8217;ll find spacious workspaces, a large peaceful glass-roofed area, three meeting rooms, flowing coffee, and a diverse and close-knit community!<\/p>\n<\/div><\/section><br \/>\n<div  class='avia-button-wrap avia-button-center ' ><a href='https:\/\/calendar.google.com\/calendar\/u\/0\/appointments\/schedules\/AcZssZ3HuYNofyQTIWJ3prjEW2ilQdhlpDiDAUVB-ZD861e4nJmCvUZvVxBSPTeoVFKkO4Yb2_ZDnGrz' class='avia-button  avia-color-theme-color   avia-icon_select-no avia-size-x-large avia-position-center ' target=\"_blank\" rel=\"noopener noreferrer\"><span class='avia_iconbox_title' >Book a free trial day!<\/span><\/a><\/div><br \/>\n<div  style='height:20px' class='hr hr-invisible  '><span class='hr-inner ' ><span class='hr-inner-style'><\/span><\/span><\/div><br \/>\n<section class=\"av_textblock_section \"  =\"\" =\"https:\/\/schema.org\/CreativeWork\" ><div class='avia_textblock  '   =\"text\" ><p style=\"text-align: center;\">or discover our <a href=\"https:\/\/www.la-cordee.net\/en\/our-prices-excluding-vat-paris\/\"><strong>membership pricing<\/strong><\/a> right away \/you can also come work for a few hours or a day for a more occasional need!<\/p>\n<\/div><\/section><br \/>\n<div  class='avia-button-wrap avia-button-center ' ><a href='https:\/\/app.worklib.io\/workspace\/1234597' class='avia-button  avia-color-theme-color   avia-icon_select-no avia-size-x-large avia-position-center ' target=\"_blank\" rel=\"noopener noreferrer\"><span class='avia_iconbox_title' >I\u2019m coming to work for a few hours (via Worklib)<\/span><\/a><\/div><\/p><\/div>\n<div class=\"flex_column av_one_fifth  flex_column_div av-zero-column-padding   \" style='border-radius:0px; '><\/div>\n<\/div><\/div><\/div><!-- close content main div --><\/div><\/div><div id='av_section_2'  class='avia-section main_color avia-section-default avia-no-border-styling  avia-bg-style-scroll   container_wrap fullsize' style='background-color: #b34317;  '  ><div class='container' ><div class='template-page content  av-content-full alpha units'><div class='post-entry post-entry-type-page post-entry-1284'><div class='entry-content-wrapper clearfix'>\n<div  style='padding-bottom:10px; color:#ffffff;font-size:34px;' class='av-special-heading av-special-heading-h2 custom-color-heading blockquote modern-quote modern-centered  av-inherit-size '><h2 class='av-special-heading-tag '  =\"headline\"  >The flexible coworking space at La Cord\u00e9e Paris \u2013 Gare de Lyon<\/h2><div class='special-heading-border'><div class='special-heading-inner-border' style='border-color:#ffffff'><\/div><\/div><\/div>\n\n<div class=\"flex_column av_one_full  flex_column_div av-zero-column-padding first  \" style='border-radius:0px; '><section class=\"av_textblock_section \"  =\"\" =\"https:\/\/schema.org\/CreativeWork\" ><div class='avia_textblock  '  style='font-size:16px; '  =\"text\" ><section class=\"av_textblock_section \">\n<div class=\"avia_textblock \" style=\"text-align: left;\">\n<p style=\"text-align: left;\">More than a More than a <strong>coworking space with professional services and equipment,<\/strong> <strong>La Cord\u00e9e is a friendly and slightly quirky community<\/strong>. Our members come to <strong>share<\/strong> friendly moments, <strong>exchange<\/strong> about their projects, <strong>work<\/strong> in good company, continue <strong>learning<\/strong>, or simply <strong>laugh<\/strong> over coffee. Together we organize numerous <strong>professional and social events<\/strong> so everyone can find the contact, help, or support they need.<\/p>\n<\/div>\n<\/section>\n<\/div><\/section><\/div>\n<div class=\"flex_column av_one_third  flex_column_div av-zero-column-padding first  \" style='border-radius:0px; '><p><div  style='padding-bottom:10px; font-size:25px;' class='av-special-heading av-special-heading-h3  blockquote modern-quote modern-centered  av-inherit-size '><h3 class='av-special-heading-tag '  =\"headline\"  >Spacious flexible office workspaces<\/h3><div class='special-heading-border'><div class='special-heading-inner-border' ><\/div><\/div><\/div><br \/>\n<div  class='avia-image-container  av-styling-    avia-align-center '  =\"image\" =\"\" =\"https:\/\/schema.org\/ImageObject\"  ><div class='avia-image-container-inner'><div class='avia-image-overlay-wrap'><img decoding=\"async\" class='wp-image-1926741 avia-img-lazy-loading-not-1926741 avia_image' src=\"https:\/\/www.la-cordee.net\/wp-content\/uploads\/EspacePrincipal_1_Light_PARIS_GDL-845x684.jpg\" alt='Espace principal Paris' title='EspacePrincipal_1_Light_PARIS_GDL' height=\"684\" width=\"845\"  =\"thumbnailUrl\" srcset=\"https:\/\/www.la-cordee.net\/wp-content\/uploads\/EspacePrincipal_1_Light_PARIS_GDL-845x684.jpg 845w, https:\/\/www.la-cordee.net\/wp-content\/uploads\/EspacePrincipal_1_Light_PARIS_GDL-495x400.jpg 495w\" sizes=\"(max-width: 845px) 100vw, 845px\" \/><\/div><\/div><\/div><\/p><\/div>\n<div class=\"flex_column av_one_third  flex_column_div av-zero-column-padding   \" style='border-radius:0px; '><p><div  style='padding-bottom:10px; font-size:25px;' class='av-special-heading av-special-heading-h3  blockquote modern-quote modern-centered  av-inherit-size '><h3 class='av-special-heading-tag '  =\"headline\"  >Dedicated workspace under the glass roof<\/h3><div class='special-heading-border'><div class='special-heading-inner-border' ><\/div><\/div><\/div><br \/>\n<div  class='avia-image-container  av-styling-    avia-align-center '  =\"image\" =\"\" =\"https:\/\/schema.org\/ImageObject\"  ><div class='avia-image-container-inner'><div class='avia-image-overlay-wrap'><img decoding=\"async\" class='wp-image-1942034 avia-img-lazy-loading-not-1942034 avia_image' src=\"https:\/\/www.la-cordee.net\/wp-content\/uploads\/Paris_PostesAttitres_Verriere-1000x750.jpg\" alt='Espaces de travail attitr\u00e9s sous verri\u00e8re au calme' title='Paris_PostesAttitres_Verriere' height=\"750\" width=\"1000\"  =\"thumbnailUrl\" srcset=\"https:\/\/www.la-cordee.net\/wp-content\/uploads\/Paris_PostesAttitres_Verriere-1000x750.jpg 1000w, https:\/\/www.la-cordee.net\/wp-content\/uploads\/Paris_PostesAttitres_Verriere-1030x773.jpg 1030w, https:\/\/www.la-cordee.net\/wp-content\/uploads\/Paris_PostesAttitres_Verriere-768x576.jpg 768w, https:\/\/www.la-cordee.net\/wp-content\/uploads\/Paris_PostesAttitres_Verriere-1536x1152.jpg 1536w, https:\/\/www.la-cordee.net\/wp-content\/uploads\/Paris_PostesAttitres_Verriere-2048x1536.jpg 2048w, https:\/\/www.la-cordee.net\/wp-content\/uploads\/Paris_PostesAttitres_Verriere-1500x1125.jpg 1500w, https:\/\/www.la-cordee.net\/wp-content\/uploads\/Paris_PostesAttitres_Verriere-705x529.jpg 705w\" sizes=\"(max-width: 1000px) 100vw, 1000px\" \/><\/div><\/div><\/div><\/p><\/div>\n<div class=\"flex_column av_one_third  flex_column_div av-zero-column-padding   \" style='border-radius:0px; '><p><div  style='padding-bottom:10px; font-size:25px;' class='av-special-heading av-special-heading-h3  blockquote modern-quote modern-centered  av-inherit-size '><h3 class='av-special-heading-tag '  =\"headline\"  >Spacious or intimate meeting rooms<\/h3><div class='special-heading-border'><div class='special-heading-inner-border' ><\/div><\/div><\/div><br \/>\n<div  class='avia-image-container  av-styling-    avia-align-center '  =\"image\" =\"\" =\"https:\/\/schema.org\/ImageObject\"  ><div class='avia-image-container-inner'><div class='avia-image-overlay-wrap'><img decoding=\"async\" class='wp-image-1926713 avia-img-lazy-loading-not-1926713 avia_image' src=\"https:\/\/www.la-cordee.net\/wp-content\/uploads\/SalleMesas_1_Light_PARIS_GDL-845x684.jpg\" alt='Salle Mesas 1 Paris' title='SalleMesas_1_Light_PARIS_GDL' height=\"684\" width=\"845\"  =\"thumbnailUrl\" srcset=\"https:\/\/www.la-cordee.net\/wp-content\/uploads\/SalleMesas_1_Light_PARIS_GDL-845x684.jpg 845w, https:\/\/www.la-cordee.net\/wp-content\/uploads\/SalleMesas_1_Light_PARIS_GDL-495x400.jpg 495w\" sizes=\"(max-width: 845px) 100vw, 845px\" \/><\/div><\/div><\/div><\/p><\/div>\n<div class=\"flex_column av_one_third  flex_column_div av-zero-column-padding first  \" style='border-radius:0px; '><p><div  style='padding-bottom:10px; font-size:25px;' class='av-special-heading av-special-heading-h3  blockquote modern-quote modern-centered  av-inherit-size '><h3 class='av-special-heading-tag '  =\"headline\"  >Exchange<\/h3><div class='special-heading-border'><div class='special-heading-inner-border' ><\/div><\/div><\/div><br \/>\n<div  class='avia-image-container  av-styling-    avia-align-center '  =\"image\" =\"\" =\"https:\/\/schema.org\/ImageObject\"  ><div class='avia-image-container-inner'><div class='avia-image-overlay-wrap'><img decoding=\"async\" class='wp-image-1927021 avia-img-lazy-loading-not-1927021 avia_image' src=\"https:\/\/www.la-cordee.net\/wp-content\/uploads\/LaCordee_Paris_Convivialite-845x684.jpg\" alt='Moment d&#039;\u00e9change \u00e0 La Cord\u00e9e Paris' title='LaCordee_Paris_Convivialite' height=\"684\" width=\"845\"  =\"thumbnailUrl\" srcset=\"https:\/\/www.la-cordee.net\/wp-content\/uploads\/LaCordee_Paris_Convivialite-845x684.jpg 845w, https:\/\/www.la-cordee.net\/wp-content\/uploads\/LaCordee_Paris_Convivialite-495x400.jpg 495w\" sizes=\"(max-width: 845px) 100vw, 845px\" \/><\/div><\/div><\/div><\/p><\/div>\n<div class=\"flex_column av_one_third  flex_column_div av-zero-column-padding   \" style='border-radius:0px; '><p><div  style='padding-bottom:10px; font-size:25px;' class='av-special-heading av-special-heading-h3  blockquote modern-quote modern-centered  av-inherit-size '><h3 class='av-special-heading-tag '  =\"headline\"  >Work peacefully<\/h3><div class='special-heading-border'><div class='special-heading-inner-border' ><\/div><\/div><\/div><br \/>\n<div  class='avia-image-container  av-styling-    avia-align-center '  =\"image\" =\"\" =\"https:\/\/schema.org\/ImageObject\"  ><div class='avia-image-container-inner'><div class='avia-image-overlay-wrap'><img decoding=\"async\" class='wp-image-1926739 avia-img-lazy-loading-not-1926739 avia_image' src=\"https:\/\/www.la-cordee.net\/wp-content\/uploads\/EspaceCanap_2_Light_PARIS_GDL-845x684.jpg\" alt='Espace canap\u00e9 Paris' title='EspaceCanap_2_Light_PARIS_GDL' height=\"684\" width=\"845\"  =\"thumbnailUrl\" srcset=\"https:\/\/www.la-cordee.net\/wp-content\/uploads\/EspaceCanap_2_Light_PARIS_GDL-845x684.jpg 845w, https:\/\/www.la-cordee.net\/wp-content\/uploads\/EspaceCanap_2_Light_PARIS_GDL-495x400.jpg 495w\" sizes=\"(max-width: 845px) 100vw, 845px\" \/><\/div><\/div><\/div><\/p><\/div>\n<div class=\"flex_column av_one_third  flex_column_div av-zero-column-padding   \" style='border-radius:0px; '><p><div  style='padding-bottom:10px; font-size:25px;' class='av-special-heading av-special-heading-h3  blockquote modern-quote modern-centered  av-inherit-size '><h3 class='av-special-heading-tag '  =\"headline\"  >Unwind<\/h3><div class='special-heading-border'><div class='special-heading-inner-border' ><\/div><\/div><\/div><br \/>\n<div  class='avia-image-container  av-styling-    avia-align-center '  =\"image\" =\"\" =\"https:\/\/schema.org\/ImageObject\"  ><div class='avia-image-container-inner'><div class='avia-image-overlay-wrap'><img decoding=\"async\" class='wp-image-1922934 avia-img-lazy-loading-not-1922934 avia_image' src=\"https:\/\/www.la-cordee.net\/wp-content\/uploads\/MG_2248-2-845x684.jpg\" alt='La communaut\u00e9 de La Cord\u00e9e Paris' title='_MG_2248' height=\"684\" width=\"845\"  =\"thumbnailUrl\" srcset=\"https:\/\/www.la-cordee.net\/wp-content\/uploads\/MG_2248-2-845x684.jpg 845w, https:\/\/www.la-cordee.net\/wp-content\/uploads\/MG_2248-2-495x400.jpg 495w\" sizes=\"(max-width: 845px) 100vw, 845px\" \/><\/div><\/div><\/div><\/p><\/div>\n<div  style='height:20px' class='hr hr-invisible  '><span class='hr-inner ' ><span class='hr-inner-style'><\/span><\/span><\/div>\n<div class=\"flex_column av_one_half  flex_column_div av-zero-column-padding first  \" style='border-radius:0px; '><section class=\"av_textblock_section \"  =\"\" =\"https:\/\/schema.org\/CreativeWork\" ><div class='avia_textblock  '  style='font-size:16px; '  =\"text\" ><h3 class=\"text-text-100 mt-2 -mb-1 text-base font-bold\"><strong>Want to come regularly to the coworking space to enjoy a workspace outside your home?<\/strong><\/h3>\n<p style=\"text-align: left;\">Discover our different membership plans that allow you to come to coworking regularly according to your rhythm and preferences! <strong>For Paris, you can come to cowork from \u20ac35\/month then \u20ac4.25\/hour. And if you&#8217;re coming intensively, know that our rates are capped between \u20ac289 and \u20ac369 excl. VAT\/month.<\/strong><\/p>\n<\/div><\/section><br \/>\n<div  class='avia-button-wrap avia-button-center ' ><a href='https:\/\/www.la-cordee.net\/en\/our-prices-excluding-vat-paris-2\/'  class='avia-button  avia-color-theme-color   avia-icon_select-no avia-size-x-large avia-position-center '   ><span class='avia_iconbox_title' >I discover our offers and pricing in detail<\/span><\/a><\/div><\/p><\/div>\n<div class=\"flex_column av_one_half  flex_column_div av-zero-column-padding   \" style='border-radius:0px; '><section class=\"av_textblock_section \"  =\"\" =\"https:\/\/schema.org\/CreativeWork\" ><div class='avia_textblock  '  style='font-size:16px; '  =\"text\" ><h3 class=\"text-text-100 mt-2 -mb-1 text-base font-bold\"><strong>Looking to come occasionally to coworking to enjoy a workspace in Paris&#8217;s 12th arrondissement?<\/strong><\/h3>\n<p style=\"text-align: left;\">We&#8217;ve just opened the possibility to come work at La Cord\u00e9e Paris Gare de Lyon for a few hours or a day without taking a membership, for example if you need a place to work while waiting for your train! Bookings are instant via the Worklib platform:<\/p>\n<\/div><\/section><br \/>\n<div  class='avia-button-wrap avia-button-center ' ><a href='https:\/\/app.worklib.io\/workspace\/1234597'  class='avia-button  avia-color-theme-color   avia-icon_select-no avia-size-x-large avia-position-center '   ><span class='avia_iconbox_title' >I\u2019m coming to work for a few hours (via Worklib)<\/span><\/a><\/div><\/p><\/div>\n<div  style='height:20px' class='hr hr-invisible  '><span class='hr-inner ' ><span class='hr-inner-style'><\/span><\/span><\/div>\n<\/div><\/div><\/div><!-- close content main div --><\/div><\/div><div id='av_section_3'  class='avia-section main_color avia-section-default avia-no-border-styling  avia-bg-style-scroll   container_wrap fullsize' style='background-color: #186665;  '  ><div class='container' ><div class='template-page content  av-content-full alpha units'><div class='post-entry post-entry-type-page post-entry-1284'><div class='entry-content-wrapper clearfix'>\n<div  style='padding-bottom:10px; color:#ffffff;font-size:34px;' class='av-special-heading av-special-heading-h2 custom-color-heading blockquote modern-quote modern-centered  av-inherit-size '><h2 class='av-special-heading-tag '  =\"headline\"  >Fixed desks at La Cord\u00e9e coworking Paris \u2013 Gare de Lyon<\/h2><div class='special-heading-border'><div class='special-heading-inner-border' style='border-color:#ffffff'><\/div><\/div><\/div>\n\n<div class=\"flex_column av_one_full  flex_column_div av-zero-column-padding first  \" style='border-radius:0px; '><section class=\"av_textblock_section \"  =\"\" =\"https:\/\/schema.org\/CreativeWork\" ><div class='avia_textblock  '   =\"text\" ><section class=\"av_textblock_section \">\n<section class=\"av_textblock_section \">\n<div class=\"avia_textblock \">\n<p style=\"text-align: left;\">Since summer 2025, we&#8217;ve been offering part of our offices for rent for small teams. <strong>The glass-roofed area on the ground floor in the back courtyard welcomes several teams renting dedicated desks.<\/strong> So, if you&#8217;re also looking for space for your team, and want to join a friendly and dynamic working community, come meet us during a trial day!<\/p>\n<p class=\"font-claude-response-body break-words whitespace-normal leading-&#091;1.7&#093;\" style=\"text-align: left;\"><strong>\u27a1\ufe0f 8 dedicated workstations are currently available for rent<\/strong><br \/>\n\u27a1\ufe0f <strong>Price: \u20ac329 excl. VAT \/ desk \/ month with a 6-month commitment<\/strong><\/p>\n<p class=\"font-claude-response-body break-words whitespace-normal leading-&#091;1.7&#093;\" style=\"text-align: left;\">Our dedicated desks are available for rent in three of our Cord\u00e9es: <a class=\"underline underline underline-offset-2 decoration-1 decoration-current\/40 hover:decoration-current focus:decoration-current\" href=\"https:\/\/www.la-cordee.net\/nos-solutions-de-travail\/nos-bureaux-a-louer\/\">La Cord\u00e9e Lyon Valmy, Villeurbanne R\u00e9publique and Paris Gare de Lyon.<\/a><\/p>\n<\/div>\n<div class=\"avia_textblock \" style=\"text-align: left;\"><\/div>\n<\/section>\n<div class=\"hr hr-invisible avia-builder-el-40 el_after_av_textblock el_before_av_button \" style=\"text-align: left;\"><\/div>\n<\/section>\n<div class=\"hr hr-invisible avia-builder-el-40 el_after_av_textblock el_before_av_button \"><\/div>\n<\/div><\/section><\/div><div class=\"flex_column av_one_third  flex_column_div av-zero-column-padding first  \" style='border-radius:0px; '><p><div  style='padding-bottom:10px; font-size:25px;' class='av-special-heading av-special-heading-h3  blockquote modern-quote modern-centered  av-inherit-size '><h3 class='av-special-heading-tag '  =\"headline\"  >A bright space to stay motivated<\/h3><div class='special-heading-border'><div class='special-heading-inner-border' ><\/div><\/div><\/div><br \/>\n<div  class='avia-image-container  av-styling-    avia-align-center '  =\"image\" =\"\" =\"https:\/\/schema.org\/ImageObject\"  ><div class='avia-image-container-inner'><div class='avia-image-overlay-wrap'><img decoding=\"async\" class='wp-image-1942165 avia-img-lazy-loading-not-1942165 avia_image' src=\"https:\/\/www.la-cordee.net\/wp-content\/uploads\/IMG_5381-495x400.jpg\" alt='Bureaux \u00e0 louer avec vue sur cour \u00e0 La Cord\u00e9e Paris' title='IMG_5381' height=\"400\" width=\"495\"  =\"thumbnailUrl\" srcset=\"https:\/\/www.la-cordee.net\/wp-content\/uploads\/IMG_5381-495x400.jpg 495w, https:\/\/www.la-cordee.net\/wp-content\/uploads\/IMG_5381-845x684.jpg 845w\" sizes=\"(max-width: 495px) 100vw, 495px\" \/><\/div><\/div><\/div><\/p><\/div><\/p>\n<div class=\"flex_column av_one_third  flex_column_div av-zero-column-padding   \" style='border-radius:0px; '><p><div  style='padding-bottom:10px; font-size:25px;' class='av-special-heading av-special-heading-h3  blockquote modern-quote modern-centered  av-inherit-size '><h3 class='av-special-heading-tag '  =\"headline\"  >A quiet place to concentrate<\/h3><div class='special-heading-border'><div class='special-heading-inner-border' ><\/div><\/div><\/div><br \/>\n<div  class='avia-image-container  av-styling-    avia-align-center '  =\"image\" =\"\" =\"https:\/\/schema.org\/ImageObject\"  ><div class='avia-image-container-inner'><div class='avia-image-overlay-wrap'><img decoding=\"async\" class='wp-image-1942169 avia-img-lazy-loading-not-1942169 avia_image' src=\"https:\/\/www.la-cordee.net\/wp-content\/uploads\/IMG_5387-495x400.jpg\" alt='Bureaux \u00e0 louer sous verri\u00e8re \u00e0 La Cord\u00e9e Paris' title='IMG_5387' height=\"400\" width=\"495\"  =\"thumbnailUrl\" srcset=\"https:\/\/www.la-cordee.net\/wp-content\/uploads\/IMG_5387-495x400.jpg 495w, https:\/\/www.la-cordee.net\/wp-content\/uploads\/IMG_5387-845x684.jpg 845w\" sizes=\"(max-width: 495px) 100vw, 495px\" \/><\/div><\/div><\/div><\/p><\/div>\n<div class=\"flex_column av_one_third  flex_column_div av-zero-column-padding   \" style='border-radius:0px; '><p><div  style='padding-bottom:10px; font-size:25px;' class='av-special-heading av-special-heading-h3  blockquote modern-quote modern-centered  av-inherit-size '><h3 class='av-special-heading-tag '  =\"headline\"  >A community to exchange with<\/h3><div class='special-heading-border'><div class='special-heading-inner-border' ><\/div><\/div><\/div><br \/>\n<div  class='avia-image-container  av-styling-    avia-align-center '  =\"image\" =\"\" =\"https:\/\/schema.org\/ImageObject\"  ><div class='avia-image-container-inner'><div class='avia-image-overlay-wrap'><img decoding=\"async\" class='wp-image-1926744 avia-img-lazy-loading-not-1926744 avia_image' src=\"https:\/\/www.la-cordee.net\/wp-content\/uploads\/Sentraider_Light_PARIS_GDL-495x400.jpg\" alt='S&#039;entraider' title='Sentraider_Light_PARIS_GDL' height=\"400\" width=\"495\"  =\"thumbnailUrl\" srcset=\"https:\/\/www.la-cordee.net\/wp-content\/uploads\/Sentraider_Light_PARIS_GDL-495x400.jpg 495w, https:\/\/www.la-cordee.net\/wp-content\/uploads\/Sentraider_Light_PARIS_GDL-845x684.jpg 845w\" sizes=\"(max-width: 495px) 100vw, 495px\" \/><\/div><\/div><\/div><\/p><\/div>\n<div class=\"flex_column av_one_full  flex_column_div av-zero-column-padding first  \" style='border-radius:0px; '><div  class='avia-button-wrap avia-button-center ' ><a href='https:\/\/calendar.google.com\/calendar\/u\/0\/appointments\/schedules\/AcZssZ3HuYNofyQTIWJ3prjEW2ilQdhlpDiDAUVB-ZD861e4nJmCvUZvVxBSPTeoVFKkO4Yb2_ZDnGrz'  class='avia-button  avia-color-theme-color   avia-icon_select-no avia-size-x-large avia-position-center '   ><span class='avia_iconbox_title' >Schedule a trial day<\/span><\/a><\/div><\/div>\n<div  style='height:20px' class='hr hr-invisible  '><span class='hr-inner ' ><span class='hr-inner-style'><\/span><\/span><\/div>\n<\/div><\/div><\/div><!-- close content main div --><\/div><\/div><div id='av_section_4'  class='avia-section main_color avia-section-default avia-no-border-styling  avia-bg-style-scroll   container_wrap fullsize' style='background-color: #838723;  '  ><div class='container' ><div class='template-page content  av-content-full alpha units'><div class='post-entry post-entry-type-page post-entry-1284'><div class='entry-content-wrapper clearfix'>\n<div  style='padding-bottom:10px; color:#ffffff;font-size:34px;' class='av-special-heading av-special-heading-h2 custom-color-heading blockquote modern-quote modern-centered  av-inherit-size '><h2 class='av-special-heading-tag '  =\"headline\"  >Meeting rooms at La Cord\u00e9e coworking Paris \u2013 Gare de Lyon<\/h2><div class='special-heading-border'><div class='special-heading-inner-border' style='border-color:#ffffff'><\/div><\/div><\/div>\n\n<div class=\"flex_column av_one_half  flex_column_div av-zero-column-padding first  \" style='border-radius:0px; '><section class=\"av_textblock_section \"  =\"\" =\"https:\/\/schema.org\/CreativeWork\" ><div class='avia_textblock  '   =\"text\" ><h3 class=\"text-text-100 mt-2 -mb-1 text-base font-bold\"><strong>Want to become a coworking member?<\/strong><\/h3>\n<p class=\"font-claude-response-body break-words whitespace-normal leading-&#091;1.7&#093;\">You&#8217;ll have access to all our meeting rooms, from the smallest to the largest, managing your bookings yourself. Whether you&#8217;re a planner or more &#8220;last minute,&#8221; our <strong>online platform<\/strong> will leave you <strong>autonomous<\/strong> in your organization.<\/p>\n<p class=\"font-claude-response-body break-words whitespace-normal leading-&#091;1.7&#093;\">Cherry on the keyboard, you&#8217;ll benefit from <strong>privileged rates compared to public rates<\/strong>.<\/p>\n<\/div><\/section><br \/>\n<div  class='avia-button-wrap avia-button-center ' ><a href='https:\/\/calendar.google.com\/calendar\/u\/0\/appointments\/schedules\/AcZssZ3HuYNofyQTIWJ3prjEW2ilQdhlpDiDAUVB-ZD861e4nJmCvUZvVxBSPTeoVFKkO4Yb2_ZDnGrz'  class='avia-button  avia-color-theme-color   avia-icon_select-no avia-size-x-large avia-position-center '   ><span class='avia_iconbox_title' >Schedule a trial day<\/span><\/a><\/div><br \/>\n<div  style='height:30px' class='hr hr-invisible  '><span class='hr-inner ' ><span class='hr-inner-style'><\/span><\/span><\/div><\/p><\/div>\n<div class=\"flex_column av_one_half  flex_column_div av-zero-column-padding   \" style='border-radius:0px; '><section class=\"av_textblock_section \"  =\"\" =\"https:\/\/schema.org\/CreativeWork\" ><div class='avia_textblock  '   =\"text\" ><h3 class=\"text-text-100 mt-2 -mb-1 text-base font-bold\"><strong>Need to occasionally rent a meeting room near Paris Gare de Lyon?<\/strong><\/h3>\n<p class=\"font-claude-response-body break-words whitespace-normal leading-&#091;1.7&#093;\">3 split-level rooms and a glass-roofed space await you at La Cord\u00e9e Paris Gare de Lyon, <strong><a class=\"underline underline underline-offset-2 decoration-1 decoration-current\/40 hover:decoration-current focus:decoration-current\" href=\"https:\/\/goo.gl\/maps\/EfBirAWi3nR9BHtGA\">61 rue Traversi\u00e8re, 75012 Paris<\/a><\/strong>. From the intimate small room to the large conference room, you&#8217;ll find the room suited to your needs. And if you&#8217;re looking for something even larger, you can also request <a class=\"underline underline underline-offset-2 decoration-1 decoration-current\/40 hover:decoration-current focus:decoration-current\" href=\"https:\/\/www.la-cordee.net\/salle\/paris\/espace-entier-paris-gare-de-lyon\/\">the entire space<\/a>.<\/p>\n<\/div><\/section><br \/>\n<div  class='avia-button-wrap avia-button-center ' ><a href='https:\/\/www.la-cordee.net\/salles-de-reunion\/?from=paris' class='avia-button  avia-color-theme-color   avia-icon_select-no avia-size-x-large avia-position-center ' target=\"_blank\" rel=\"noopener noreferrer\"><span class='avia_iconbox_title' >Book a meeting room<\/span><\/a><\/div><br \/>\n<div  style='height:30px' class='hr hr-invisible  '><span class='hr-inner ' ><span class='hr-inner-style'><\/span><\/span><\/div><\/p><\/div>\n<div class=\"flex_column av_one_third  flex_column_div av-zero-column-padding first  \" style='border-radius:0px; '><p><div  class='avia-image-container  av-styling-    avia-align-center '  =\"image\" =\"\" =\"https:\/\/schema.org\/ImageObject\"  ><div class='avia-image-container-inner'><div class='avia-image-overlay-wrap'><a href='https:\/\/www.la-cordee.net\/salle\/paris\/mesas\/' class='avia_image'  ><img decoding=\"async\" width=\"1000\" height=\"667\" class='wp-image-1926715 avia-img-lazy-loading-not-1926715 avia_image' src=\"https:\/\/www.la-cordee.net\/wp-content\/uploads\/SalleMesas_2_Light_PARIS_GDL.jpg-1000x667.jpg\" alt='Salle Mesas 2 Paris' title='Salle de r\u00e9union Paris Gare de Lyon'  =\"thumbnailUrl\" srcset=\"https:\/\/www.la-cordee.net\/wp-content\/uploads\/SalleMesas_2_Light_PARIS_GDL.jpg-1000x667.jpg 1000w, https:\/\/www.la-cordee.net\/wp-content\/uploads\/SalleMesas_2_Light_PARIS_GDL.jpg-1030x687.jpg 1030w, https:\/\/www.la-cordee.net\/wp-content\/uploads\/SalleMesas_2_Light_PARIS_GDL.jpg-768x512.jpg 768w, https:\/\/www.la-cordee.net\/wp-content\/uploads\/SalleMesas_2_Light_PARIS_GDL.jpg-705x470.jpg 705w, https:\/\/www.la-cordee.net\/wp-content\/uploads\/SalleMesas_2_Light_PARIS_GDL.jpg.jpg 1500w\" sizes=\"(max-width: 1000px) 100vw, 1000px\" \/><\/a><\/div><\/div><\/div><br \/>\n<div  style='padding-bottom:10px; font-size:25px;' class='av-special-heading av-special-heading-h6  blockquote modern-quote modern-centered  av-inherit-size av-linked-heading '><h6 class='av-special-heading-tag '  =\"headline\"  ><a href=\"https:\/\/www.la-cordee.net\/salle\/paris\/mesas\/\">Mesas meeting room<\/a><\/h6><div class='special-heading-border'><div class='special-heading-inner-border' ><\/div><\/div><\/div><\/p><\/div>\n<div class=\"flex_column av_one_third  flex_column_div av-zero-column-padding   \" style='border-radius:0px; '><p><div  class='avia-image-container  av-styling-    avia-align-center '  =\"image\" =\"\" =\"https:\/\/schema.org\/ImageObject\"  ><div class='avia-image-container-inner'><div class='avia-image-overlay-wrap'><a href='https:\/\/www.la-cordee.net\/salle\/paris\/paris-liberty-cap\/' class='avia_image'  ><img decoding=\"async\" width=\"1000\" height=\"667\" class='wp-image-1926705 avia-img-lazy-loading-not-1926705 avia_image' src=\"https:\/\/www.la-cordee.net\/wp-content\/uploads\/SalleLibertyCap_1_Light_PARIS_GDL-1000x667.jpg\" alt='Salle Liberty Cap 1 Paris' title='Salle de r\u00e9union Paris Gare de Lyon'  =\"thumbnailUrl\" srcset=\"https:\/\/www.la-cordee.net\/wp-content\/uploads\/SalleLibertyCap_1_Light_PARIS_GDL-1000x667.jpg 1000w, https:\/\/www.la-cordee.net\/wp-content\/uploads\/SalleLibertyCap_1_Light_PARIS_GDL-1030x687.jpg 1030w, https:\/\/www.la-cordee.net\/wp-content\/uploads\/SalleLibertyCap_1_Light_PARIS_GDL-768x512.jpg 768w, https:\/\/www.la-cordee.net\/wp-content\/uploads\/SalleLibertyCap_1_Light_PARIS_GDL-705x470.jpg 705w, https:\/\/www.la-cordee.net\/wp-content\/uploads\/SalleLibertyCap_1_Light_PARIS_GDL.jpg 1500w\" sizes=\"(max-width: 1000px) 100vw, 1000px\" \/><\/a><\/div><\/div><\/div><br \/>\n<div  style='padding-bottom:10px; font-size:25px;' class='av-special-heading av-special-heading-h6  blockquote modern-quote modern-centered  av-inherit-size av-linked-heading '><h6 class='av-special-heading-tag '  =\"headline\"  ><a href=\"https:\/\/www.la-cordee.net\/salle\/paris\/paris-liberty-cap\/\">Liberty Cap meeting room<\/a><\/h6><div class='special-heading-border'><div class='special-heading-inner-border' ><\/div><\/div><\/div><\/p><\/div>\n<div class=\"flex_column av_one_third  flex_column_div av-zero-column-padding   \" style='border-radius:0px; '><p><div  class='avia-image-container  av-styling-    avia-align-center '  =\"image\" =\"\" =\"https:\/\/schema.org\/ImageObject\"  ><div class='avia-image-container-inner'><div class='avia-image-overlay-wrap'><a href='https:\/\/www.la-cordee.net\/salle\/paris\/crazy-peak-2\/' class='avia_image'  ><img decoding=\"async\" width=\"1000\" height=\"667\" class='wp-image-1927069 avia-img-lazy-loading-not-1927069 avia_image' src=\"https:\/\/www.la-cordee.net\/wp-content\/uploads\/SalleCrazyPeak_1_Light_PARIS_GDL-1-1000x667.jpg\" alt='Salle Crazy Peak 1 La Cord\u00e9e Paris' title='Salle de r\u00e9union Paris Gare de Lyon'  =\"thumbnailUrl\" srcset=\"https:\/\/www.la-cordee.net\/wp-content\/uploads\/SalleCrazyPeak_1_Light_PARIS_GDL-1-1000x667.jpg 1000w, https:\/\/www.la-cordee.net\/wp-content\/uploads\/SalleCrazyPeak_1_Light_PARIS_GDL-1-1030x687.jpg 1030w, https:\/\/www.la-cordee.net\/wp-content\/uploads\/SalleCrazyPeak_1_Light_PARIS_GDL-1-768x512.jpg 768w, https:\/\/www.la-cordee.net\/wp-content\/uploads\/SalleCrazyPeak_1_Light_PARIS_GDL-1-705x470.jpg 705w, https:\/\/www.la-cordee.net\/wp-content\/uploads\/SalleCrazyPeak_1_Light_PARIS_GDL-1.jpg 1500w\" sizes=\"(max-width: 1000px) 100vw, 1000px\" \/><\/a><\/div><\/div><\/div><br \/>\n<div  style='padding-bottom:10px; font-size:25px;' class='av-special-heading av-special-heading-h6  blockquote modern-quote modern-centered  av-inherit-size av-linked-heading '><h6 class='av-special-heading-tag '  =\"headline\"  ><a href=\"https:\/\/www.la-cordee.net\/salle\/paris\/crazy-peak-2\/\">Crazy peak meeting room<\/a><\/h6><div class='special-heading-border'><div class='special-heading-inner-border' ><\/div><\/div><\/div><\/p><\/div>\n<div  style='height:30px' class='hr hr-invisible  '><span class='hr-inner ' ><span class='hr-inner-style'><\/span><\/span><\/div>\n<div class=\"flex_column av_one_full  flex_column_div av-zero-column-padding first  \" style='border-radius:0px; '><section class=\"av_textblock_section \"  =\"\" =\"https:\/\/schema.org\/CreativeWork\" ><div class='avia_textblock  '   =\"text\" ><p class=\"font-claude-response-body break-words whitespace-normal leading-&#091;1.7&#093;\" style=\"text-align: center;\"><a class=\"underline underline underline-offset-2 decoration-1 decoration-current\/40 hover:decoration-current focus:decoration-current\" href=\"https:\/\/www.la-cordee.net\/wp-content\/uploads\/2025_LaCordee_Paris_NosOffresEtTarifs_SallesReunion_Privatisation-1-1.pdf\">\ud83d\udc49 Download the detailed presentation of our Parisian rooms here (french version).<\/a><\/p>\n<h2 class=\"text-text-100 mt-3 -mb-1 text-&#091;1.125rem&#093; font-bold\"><\/h2>\n<\/div><\/section><\/div>\n<\/div><\/div><\/div><!-- close content main div --><\/div><\/div><div id='av_section_5'  class='avia-section main_color avia-section-default avia-no-border-styling  avia-bg-style-scroll   container_wrap fullsize' style='background-color: #186665;  '  ><div class='container' ><div class='template-page content  av-content-full alpha units'><div class='post-entry post-entry-type-page post-entry-1284'><div class='entry-content-wrapper clearfix'>\n<div  style='padding-bottom:10px; color:#ffffff;font-size:34px;' class='av-special-heading av-special-heading-h2 custom-color-heading blockquote modern-quote modern-centered  av-inherit-size '><h2 class='av-special-heading-tag '  =\"headline\"  >The team at La Cord\u00e9e coworking Paris \u2013 Gare de Lyon<\/h2><div class='special-heading-border'><div class='special-heading-inner-border' style='border-color:#ffffff'><\/div><\/div><\/div>\n\n<div class=\"flex_column av_one_fifth  flex_column_div av-zero-column-padding first  \" style='border-radius:0px; '><div  class='avia-image-container  av-styling-    avia-align-center '  =\"image\" =\"\" =\"https:\/\/schema.org\/ImageObject\"  ><div class='avia-image-container-inner'><div class='avia-image-overlay-wrap'><img decoding=\"async\" class='wp-image-1942410 avia-img-lazy-loading-not-1942410 avia_image' src=\"https:\/\/www.la-cordee.net\/wp-content\/uploads\/Melanie_Tournier.jpeg\" alt='Melanie' title='Melanie_Tournier' height=\"600\" width=\"600\"  =\"thumbnailUrl\" srcset=\"https:\/\/www.la-cordee.net\/wp-content\/uploads\/Melanie_Tournier.jpeg 600w, https:\/\/www.la-cordee.net\/wp-content\/uploads\/Melanie_Tournier-36x36.jpeg 36w, https:\/\/www.la-cordee.net\/wp-content\/uploads\/Melanie_Tournier-180x180.jpeg 180w\" sizes=\"(max-width: 600px) 100vw, 600px\" \/><\/div><\/div><\/div><\/div>\n<div class=\"flex_column av_three_fifth  flex_column_div av-zero-column-padding   \" style='border-radius:0px; '><section class=\"av_textblock_section \"  =\"\" =\"https:\/\/schema.org\/CreativeWork\" ><div class='avia_textblock  '  style='font-size:16px; '  =\"text\" ><p class=\"font-claude-response-body break-words whitespace-normal leading-&#091;1.7&#093;\">M\u00e9lanie will warmly welcome you to our Parisian Cord\u00e9e bathed in light thanks to its hidden glass roof! A good audience, M\u00e9lanie&#8217;s bursts of laughter are highly contagious!<\/p>\n<\/div><\/section><br \/>\n<div  class='avia-button-wrap avia-button-center ' ><a href='https:\/\/calendar.google.com\/calendar\/u\/0\/appointments\/schedules\/AcZssZ3HuYNofyQTIWJ3prjEW2ilQdhlpDiDAUVB-ZD861e4nJmCvUZvVxBSPTeoVFKkO4Yb2_ZDnGrz' class='avia-button  avia-color-theme-color   avia-icon_select-no avia-size-x-large avia-position-center ' target=\"_blank\" rel=\"noopener noreferrer\"><span class='avia_iconbox_title' >Meet M\u00e9lanie at La Cord\u00e9e Paris<\/span><\/a><\/div><\/p><\/div>\n<\/div><\/div><\/div><!-- close content main div --><\/div><\/div><div id='av_section_6'  class='avia-section main_color avia-section-default avia-no-border-styling  avia-bg-style-scroll   container_wrap fullsize' style='background-color: #31170d;  '  ><div class='container' ><div class='template-page content  av-content-full alpha units'><div class='post-entry post-entry-type-page post-entry-1284'><div class='entry-content-wrapper clearfix'>\n<div  style='padding-bottom:10px; color:#ffffff;font-size:34px;' class='av-special-heading av-special-heading-h2 custom-color-heading blockquote modern-quote modern-centered  av-inherit-size '><h2 class='av-special-heading-tag '  =\"headline\"  >More information<\/h2><div class='special-heading-border'><div class='special-heading-inner-border' style='border-color:#ffffff'><\/div><\/div><\/div>\n\n<\/div><\/div><\/div><!-- close content main div --><\/div><\/div><div id='av-layout-grid-1'  class='av-layout-grid-container entry-content-wrapper main_color av-flex-cells     container_wrap fullsize' style=' '  >\n<div class=\"flex_cell no_margin av_one_half   av-zero-padding \"  style='vertical-align:top; padding:0px; ' ><div class='flex_cell_inner' ><section class=\"av_textblock_section \"  =\"\" =\"https:\/\/schema.org\/CreativeWork\" ><div class='avia_textblock  '   =\"text\" ><h3 class=\"text-text-100 mt-2 -mb-1 text-base font-bold\" style=\"text-align: center;\">THEY&#8217;RE TALKING ABOUT US<\/h3>\n<h3 class=\"text-text-100 mt-2 -mb-1 text-base font-bold\" style=\"text-align: center;\"><\/h3>\n<\/div><\/section>\n<\/div><\/div><div class=\"flex_cell no_margin av_one_half   av-zero-padding \"  style='vertical-align:top; padding:0px; ' ><div class='flex_cell_inner' ><section class=\"av_textblock_section \"  =\"\" =\"https:\/\/schema.org\/CreativeWork\" ><div class='avia_textblock  '   =\"text\" ><h3 style=\"text-align: center;\">ACCESS<\/h3>\n<\/div><\/section>\n<\/div><\/div>\n<\/div>\n<\/div><\/div><\/div><!-- close content main div --><\/div><\/div><div id='av-layout-grid-2'  class='av-layout-grid-container entry-content-wrapper main_color av-flex-cells     container_wrap fullsize' style=' '  >\n<div class=\"flex_cell no_margin av_one_half   \" ><div class='flex_cell_inner' ><div  class='avia-builder-widget-area clearfix '><div id=\"grw_widget-4\" class=\"widget clearfix google-reviews-widget\">        <div class=\"wp-gr wpac\" data-id=\"grw_widget-4\" data-layout=\"list\" data-exec=\"false\" data-options='{\"text_size\":\"\",\"trans\":{\"read more\":\"read more\"}}'><div class=\"wp-google-list\"><div class=\"wp-google-place\"><div class=\"wp-google-left\"><img src=\"https:\/\/lh3.googleusercontent.com\/p\/AF1QipO2hfNPGtoaD9NiUS0Y2kVqNnWC-Muy6NamAgzu=s1600-w300-h300\" alt=\"\" width=\"50\" height=\"50\"><\/div><div class=\"wp-google-right\"><div class=\"wp-google-name\"><a href=\"https:\/\/maps.google.com\/?cid=11020596293061073411\" rel=\"noopener\" aria-label=\"Google place profile\"><span>La Cord\u00e9e - Paris Gare de Lyon<\/span><\/a><\/div><div><span class=\"wp-google-rating\">4.7<\/span><span class=\"wp-google-stars\"><span class=\"wp-stars\"><span class=\"wp-star\"><svg width=\"17\" height=\"17\" viewBox=\"0 0 1792 1792\" role=\"none\"><path d=\"M1728 647q0 22-26 48l-363 354 86 500q1 7 1 20 0 21-10.5 35.5t-30.5 14.5q-19 0-40-12l-449-236-449 236q-22 12-40 12-21 0-31.5-14.5t-10.5-35.5q0-6 2-20l86-500-364-354q-25-27-25-48 0-37 56-46l502-73 225-455q19-41 49-41t49 41l225 455 502 73q56 9 56 46z\" fill=\"#fb8e28\"><\/path><\/svg><\/span><span class=\"wp-star\"><svg width=\"17\" height=\"17\" viewBox=\"0 0 1792 1792\" role=\"none\"><path d=\"M1728 647q0 22-26 48l-363 354 86 500q1 7 1 20 0 21-10.5 35.5t-30.5 14.5q-19 0-40-12l-449-236-449 236q-22 12-40 12-21 0-31.5-14.5t-10.5-35.5q0-6 2-20l86-500-364-354q-25-27-25-48 0-37 56-46l502-73 225-455q19-41 49-41t49 41l225 455 502 73q56 9 56 46z\" fill=\"#fb8e28\"><\/path><\/svg><\/span><span class=\"wp-star\"><svg width=\"17\" height=\"17\" viewBox=\"0 0 1792 1792\" role=\"none\"><path d=\"M1728 647q0 22-26 48l-363 354 86 500q1 7 1 20 0 21-10.5 35.5t-30.5 14.5q-19 0-40-12l-449-236-449 236q-22 12-40 12-21 0-31.5-14.5t-10.5-35.5q0-6 2-20l86-500-364-354q-25-27-25-48 0-37 56-46l502-73 225-455q19-41 49-41t49 41l225 455 502 73q56 9 56 46z\" fill=\"#fb8e28\"><\/path><\/svg><\/span><span class=\"wp-star\"><svg width=\"17\" height=\"17\" viewBox=\"0 0 1792 1792\" role=\"none\"><path d=\"M1728 647q0 22-26 48l-363 354 86 500q1 7 1 20 0 21-10.5 35.5t-30.5 14.5q-19 0-40-12l-449-236-449 236q-22 12-40 12-21 0-31.5-14.5t-10.5-35.5q0-6 2-20l86-500-364-354q-25-27-25-48 0-37 56-46l502-73 225-455q19-41 49-41t49 41l225 455 502 73q56 9 56 46z\" fill=\"#fb8e28\"><\/path><\/svg><\/span><span class=\"wp-star\"><svg width=\"17\" height=\"17\" viewBox=\"0 0 1792 1792\" role=\"none\"><path d=\"M1250 957l257-250-356-52-66-10-30-60-159-322v963l59 31 318 168-60-355-12-66zm452-262l-363 354 86 500q5 33-6 51.5t-34 18.5q-17 0-40-12l-449-236-449 236q-23 12-40 12-23 0-34-18.5t-6-51.5l86-500-364-354q-32-32-23-59.5t54-34.5l502-73 225-455q20-41 49-41 28 0 49 41l225 455 502 73q45 7 54 34.5t-24 59.5z\" fill=\"#fb8e28\"><\/path><\/svg><\/span><\/span><\/span><\/div><div class=\"wp-google-based\">Based on 97 reviews<\/div><div class=\"wp-google-powered\">powered by <span><span style=\"color:#6186ec!important\">G<\/span><span style=\"color:#cd523f!important\">o<\/span><span style=\"color:#eabe43!important\">o<\/span><span style=\"color:#6186ec!important\">g<\/span><span style=\"color:#63a45d!important\">l<\/span><span style=\"color:#cd523f!important\">e<\/span><\/span><\/div><div class=\"wp-google-wr\"><a href=\"https:\/\/search.google.com\/local\/writereview?placeid=ChIJRbEPTARy5kcRA1rkXPAF8Zg\" rel=\"noopener\" aria-label=\"Write a review\" onclick=\"return rplg_leave_review_window.call(this)\">review us on<svg viewBox=\"0 0 512 512\" height=\"18\" width=\"18\" role=\"none\"><g fill=\"none\" fill-rule=\"evenodd\"><path d=\"M482.56 261.36c0-16.73-1.5-32.83-4.29-48.27H256v91.29h127.01c-5.47 29.5-22.1 54.49-47.09 71.23v59.21h76.27c44.63-41.09 70.37-101.59 70.37-173.46z\" fill=\"#4285f4\"\/><path d=\"M256 492c63.72 0 117.14-21.13 156.19-57.18l-76.27-59.21c-21.13 14.16-48.17 22.53-79.92 22.53-61.47 0-113.49-41.51-132.05-97.3H45.1v61.15c38.83 77.13 118.64 130.01 210.9 130.01z\" fill=\"#34a853\"\/><path d=\"M123.95 300.84c-4.72-14.16-7.4-29.29-7.4-44.84s2.68-30.68 7.4-44.84V150.01H45.1C29.12 181.87 20 217.92 20 256c0 38.08 9.12 74.13 25.1 105.99l78.85-61.15z\" fill=\"#fbbc05\"\/><path d=\"M256 113.86c34.65 0 65.76 11.91 90.22 35.29l67.69-67.69C373.03 43.39 319.61 20 256 20c-92.25 0-172.07 52.89-210.9 130.01l78.85 61.15c18.56-55.78 70.59-97.3 132.05-97.3z\" fill=\"#ea4335\"\/><path d=\"M20 20h472v472H20V20z\"\/><\/g><\/svg><\/a><\/div><\/div><\/div><div class=\"wp-google-content-inner\"><div class=\"wp-google-reviews\"><div class=\"wp-google-review\"><div class=\"wp-google-left\"><img src=\"https:\/\/www.la-cordee.net\/wp-content\/uploads\/ChIJRbEPTARy5kcRA1rkXPAF8Zg_502152d04f86f7bde256ff7a19da18cf.jpg\" loading=\"lazy\" class=\"grw-review-avatar\" alt=\"\" width=\"50\" height=\"50\" onerror=\"if(this.src!='https:\/\/www.la-cordee.net\/wp-content\/plugins\/widget-google-reviews\/assets\/img\/guest.png')this.src='https:\/\/www.la-cordee.net\/wp-content\/plugins\/widget-google-reviews\/assets\/img\/guest.png';\" ><\/div><div class=\"wp-google-right\"><a href=\"https:\/\/www.google.com\/maps\/contrib\/107992013651525203277\/reviews\" class=\"wp-google-name\" rel=\"noopener\" aria-label=\"Google user profile\">Valentin BOUCHET<\/a><div class=\"wp-google-time\" data-time=\"1729373869\">21:37 19 Oct 24<\/div><div class=\"wp-google-feedback\"><span class=\"wp-google-stars\"><span class=\"wp-stars\"><span class=\"wp-star\"><svg width=\"17\" height=\"17\" viewBox=\"0 0 1792 1792\" role=\"none\"><path d=\"M1728 647q0 22-26 48l-363 354 86 500q1 7 1 20 0 21-10.5 35.5t-30.5 14.5q-19 0-40-12l-449-236-449 236q-22 12-40 12-21 0-31.5-14.5t-10.5-35.5q0-6 2-20l86-500-364-354q-25-27-25-48 0-37 56-46l502-73 225-455q19-41 49-41t49 41l225 455 502 73q56 9 56 46z\" fill=\"#fb8e28\"><\/path><\/svg><\/span><span class=\"wp-star\"><svg width=\"17\" height=\"17\" viewBox=\"0 0 1792 1792\" role=\"none\"><path d=\"M1728 647q0 22-26 48l-363 354 86 500q1 7 1 20 0 21-10.5 35.5t-30.5 14.5q-19 0-40-12l-449-236-449 236q-22 12-40 12-21 0-31.5-14.5t-10.5-35.5q0-6 2-20l86-500-364-354q-25-27-25-48 0-37 56-46l502-73 225-455q19-41 49-41t49 41l225 455 502 73q56 9 56 46z\" fill=\"#fb8e28\"><\/path><\/svg><\/span><span class=\"wp-star\"><svg width=\"17\" height=\"17\" viewBox=\"0 0 1792 1792\" role=\"none\"><path d=\"M1728 647q0 22-26 48l-363 354 86 500q1 7 1 20 0 21-10.5 35.5t-30.5 14.5q-19 0-40-12l-449-236-449 236q-22 12-40 12-21 0-31.5-14.5t-10.5-35.5q0-6 2-20l86-500-364-354q-25-27-25-48 0-37 56-46l502-73 225-455q19-41 49-41t49 41l225 455 502 73q56 9 56 46z\" fill=\"#fb8e28\"><\/path><\/svg><\/span><span class=\"wp-star\"><svg width=\"17\" height=\"17\" viewBox=\"0 0 1792 1792\" role=\"none\"><path d=\"M1728 647q0 22-26 48l-363 354 86 500q1 7 1 20 0 21-10.5 35.5t-30.5 14.5q-19 0-40-12l-449-236-449 236q-22 12-40 12-21 0-31.5-14.5t-10.5-35.5q0-6 2-20l86-500-364-354q-25-27-25-48 0-37 56-46l502-73 225-455q19-41 49-41t49 41l225 455 502 73q56 9 56 46z\" fill=\"#fb8e28\"><\/path><\/svg><\/span><span class=\"wp-star\"><svg width=\"17\" height=\"17\" viewBox=\"0 0 1792 1792\" role=\"none\"><path d=\"M1728 647q0 22-26 48l-363 354 86 500q1 7 1 20 0 21-10.5 35.5t-30.5 14.5q-19 0-40-12l-449-236-449 236q-22 12-40 12-21 0-31.5-14.5t-10.5-35.5q0-6 2-20l86-500-364-354q-25-27-25-48 0-37 56-46l502-73 225-455q19-41 49-41t49 41l225 455 502 73q56 9 56 46z\" fill=\"#fb8e28\"><\/path><\/svg><\/span><\/span><\/span><span class=\"wp-google-text\" tabindex=\"0\"><\/span><\/div><\/div><\/div><div class=\"wp-google-review\"><div class=\"wp-google-left\"><img src=\"https:\/\/www.la-cordee.net\/wp-content\/uploads\/ChIJRbEPTARy5kcRA1rkXPAF8Zg_d71c5996b776153ca5033493d73efb1f.jpg\" loading=\"lazy\" class=\"grw-review-avatar\" alt=\"\" width=\"50\" height=\"50\" onerror=\"if(this.src!='https:\/\/www.la-cordee.net\/wp-content\/plugins\/widget-google-reviews\/assets\/img\/guest.png')this.src='https:\/\/www.la-cordee.net\/wp-content\/plugins\/widget-google-reviews\/assets\/img\/guest.png';\" ><\/div><div class=\"wp-google-right\"><a href=\"https:\/\/www.google.com\/maps\/contrib\/102708432473422081608\/reviews\" class=\"wp-google-name\" rel=\"noopener\" aria-label=\"Google user profile\">Floriane Crn<\/a><div class=\"wp-google-time\" data-time=\"1724144155\">08:55 20 Aug 24<\/div><div class=\"wp-google-feedback\"><span class=\"wp-google-stars\"><span class=\"wp-stars\"><span class=\"wp-star\"><svg width=\"17\" height=\"17\" viewBox=\"0 0 1792 1792\" role=\"none\"><path d=\"M1728 647q0 22-26 48l-363 354 86 500q1 7 1 20 0 21-10.5 35.5t-30.5 14.5q-19 0-40-12l-449-236-449 236q-22 12-40 12-21 0-31.5-14.5t-10.5-35.5q0-6 2-20l86-500-364-354q-25-27-25-48 0-37 56-46l502-73 225-455q19-41 49-41t49 41l225 455 502 73q56 9 56 46z\" fill=\"#fb8e28\"><\/path><\/svg><\/span><span class=\"wp-star\"><svg width=\"17\" height=\"17\" viewBox=\"0 0 1792 1792\" role=\"none\"><path d=\"M1728 647q0 22-26 48l-363 354 86 500q1 7 1 20 0 21-10.5 35.5t-30.5 14.5q-19 0-40-12l-449-236-449 236q-22 12-40 12-21 0-31.5-14.5t-10.5-35.5q0-6 2-20l86-500-364-354q-25-27-25-48 0-37 56-46l502-73 225-455q19-41 49-41t49 41l225 455 502 73q56 9 56 46z\" fill=\"#fb8e28\"><\/path><\/svg><\/span><span class=\"wp-star\"><svg width=\"17\" height=\"17\" viewBox=\"0 0 1792 1792\" role=\"none\"><path d=\"M1728 647q0 22-26 48l-363 354 86 500q1 7 1 20 0 21-10.5 35.5t-30.5 14.5q-19 0-40-12l-449-236-449 236q-22 12-40 12-21 0-31.5-14.5t-10.5-35.5q0-6 2-20l86-500-364-354q-25-27-25-48 0-37 56-46l502-73 225-455q19-41 49-41t49 41l225 455 502 73q56 9 56 46z\" fill=\"#fb8e28\"><\/path><\/svg><\/span><span class=\"wp-star\"><svg width=\"17\" height=\"17\" viewBox=\"0 0 1792 1792\" role=\"none\"><path d=\"M1728 647q0 22-26 48l-363 354 86 500q1 7 1 20 0 21-10.5 35.5t-30.5 14.5q-19 0-40-12l-449-236-449 236q-22 12-40 12-21 0-31.5-14.5t-10.5-35.5q0-6 2-20l86-500-364-354q-25-27-25-48 0-37 56-46l502-73 225-455q19-41 49-41t49 41l225 455 502 73q56 9 56 46z\" fill=\"#fb8e28\"><\/path><\/svg><\/span><span class=\"wp-star\"><svg width=\"17\" height=\"17\" viewBox=\"0 0 1792 1792\" role=\"none\"><path d=\"M1728 647q0 22-26 48l-363 354 86 500q1 7 1 20 0 21-10.5 35.5t-30.5 14.5q-19 0-40-12l-449-236-449 236q-22 12-40 12-21 0-31.5-14.5t-10.5-35.5q0-6 2-20l86-500-364-354q-25-27-25-48 0-37 56-46l502-73 225-455q19-41 49-41t49 41l225 455 502 73q56 9 56 46z\" fill=\"#fb8e28\"><\/path><\/svg><\/span><\/span><\/span><span class=\"wp-google-text\" tabindex=\"0\"><\/span><\/div><\/div><\/div><div class=\"wp-google-review\"><div class=\"wp-google-left\"><img src=\"https:\/\/www.la-cordee.net\/wp-content\/uploads\/ChIJRbEPTARy5kcRA1rkXPAF8Zg_fbcfe3e419a16fc772e405f54861427e.jpg\" loading=\"lazy\" class=\"grw-review-avatar\" alt=\"\" width=\"50\" height=\"50\" onerror=\"if(this.src!='https:\/\/www.la-cordee.net\/wp-content\/plugins\/widget-google-reviews\/assets\/img\/guest.png')this.src='https:\/\/www.la-cordee.net\/wp-content\/plugins\/widget-google-reviews\/assets\/img\/guest.png';\" ><\/div><div class=\"wp-google-right\"><a href=\"https:\/\/www.google.com\/maps\/contrib\/108365266203431233688\/reviews\" class=\"wp-google-name\" rel=\"noopener\" aria-label=\"Google user profile\">Sara Veronesi<\/a><div class=\"wp-google-time\" data-time=\"1706616665\">12:11 30 Jan 24<\/div><div class=\"wp-google-feedback\"><span class=\"wp-google-stars\"><span class=\"wp-stars\"><span class=\"wp-star\"><svg width=\"17\" height=\"17\" viewBox=\"0 0 1792 1792\" role=\"none\"><path d=\"M1728 647q0 22-26 48l-363 354 86 500q1 7 1 20 0 21-10.5 35.5t-30.5 14.5q-19 0-40-12l-449-236-449 236q-22 12-40 12-21 0-31.5-14.5t-10.5-35.5q0-6 2-20l86-500-364-354q-25-27-25-48 0-37 56-46l502-73 225-455q19-41 49-41t49 41l225 455 502 73q56 9 56 46z\" fill=\"#fb8e28\"><\/path><\/svg><\/span><span class=\"wp-star\"><svg width=\"17\" height=\"17\" viewBox=\"0 0 1792 1792\" role=\"none\"><path d=\"M1728 647q0 22-26 48l-363 354 86 500q1 7 1 20 0 21-10.5 35.5t-30.5 14.5q-19 0-40-12l-449-236-449 236q-22 12-40 12-21 0-31.5-14.5t-10.5-35.5q0-6 2-20l86-500-364-354q-25-27-25-48 0-37 56-46l502-73 225-455q19-41 49-41t49 41l225 455 502 73q56 9 56 46z\" fill=\"#fb8e28\"><\/path><\/svg><\/span><span class=\"wp-star\"><svg width=\"17\" height=\"17\" viewBox=\"0 0 1792 1792\" role=\"none\"><path d=\"M1728 647q0 22-26 48l-363 354 86 500q1 7 1 20 0 21-10.5 35.5t-30.5 14.5q-19 0-40-12l-449-236-449 236q-22 12-40 12-21 0-31.5-14.5t-10.5-35.5q0-6 2-20l86-500-364-354q-25-27-25-48 0-37 56-46l502-73 225-455q19-41 49-41t49 41l225 455 502 73q56 9 56 46z\" fill=\"#fb8e28\"><\/path><\/svg><\/span><span class=\"wp-star\"><svg width=\"17\" height=\"17\" viewBox=\"0 0 1792 1792\" role=\"none\"><path d=\"M1728 647q0 22-26 48l-363 354 86 500q1 7 1 20 0 21-10.5 35.5t-30.5 14.5q-19 0-40-12l-449-236-449 236q-22 12-40 12-21 0-31.5-14.5t-10.5-35.5q0-6 2-20l86-500-364-354q-25-27-25-48 0-37 56-46l502-73 225-455q19-41 49-41t49 41l225 455 502 73q56 9 56 46z\" fill=\"#fb8e28\"><\/path><\/svg><\/span><span class=\"wp-star\"><svg width=\"17\" height=\"17\" viewBox=\"0 0 1792 1792\" role=\"none\"><path d=\"M1728 647q0 22-26 48l-363 354 86 500q1 7 1 20 0 21-10.5 35.5t-30.5 14.5q-19 0-40-12l-449-236-449 236q-22 12-40 12-21 0-31.5-14.5t-10.5-35.5q0-6 2-20l86-500-364-354q-25-27-25-48 0-37 56-46l502-73 225-455q19-41 49-41t49 41l225 455 502 73q56 9 56 46z\" fill=\"#fb8e28\"><\/path><\/svg><\/span><\/span><\/span><span class=\"wp-google-text\" tabindex=\"0\"><\/span><\/div><\/div><\/div><div class=\"wp-google-review\"><div class=\"wp-google-left\"><img src=\"https:\/\/www.la-cordee.net\/wp-content\/uploads\/ChIJRbEPTARy5kcRA1rkXPAF8Zg_f13803feb327d908cfd80a7fdf4796b9.jpg\" loading=\"lazy\" class=\"grw-review-avatar\" alt=\"\" width=\"50\" height=\"50\" onerror=\"if(this.src!='https:\/\/www.la-cordee.net\/wp-content\/plugins\/widget-google-reviews\/assets\/img\/guest.png')this.src='https:\/\/www.la-cordee.net\/wp-content\/plugins\/widget-google-reviews\/assets\/img\/guest.png';\" ><\/div><div class=\"wp-google-right\"><a href=\"https:\/\/www.google.com\/maps\/contrib\/112771559023185138154\/reviews\" class=\"wp-google-name\" rel=\"noopener\" aria-label=\"Google user profile\">Luna Britten<\/a><div class=\"wp-google-time\" data-time=\"1702578736\">18:32 14 Dec 23<\/div><div class=\"wp-google-feedback\"><span class=\"wp-google-stars\"><span class=\"wp-stars\"><span class=\"wp-star\"><svg width=\"17\" height=\"17\" viewBox=\"0 0 1792 1792\" role=\"none\"><path d=\"M1728 647q0 22-26 48l-363 354 86 500q1 7 1 20 0 21-10.5 35.5t-30.5 14.5q-19 0-40-12l-449-236-449 236q-22 12-40 12-21 0-31.5-14.5t-10.5-35.5q0-6 2-20l86-500-364-354q-25-27-25-48 0-37 56-46l502-73 225-455q19-41 49-41t49 41l225 455 502 73q56 9 56 46z\" fill=\"#fb8e28\"><\/path><\/svg><\/span><span class=\"wp-star\"><svg width=\"17\" height=\"17\" viewBox=\"0 0 1792 1792\" role=\"none\"><path d=\"M1728 647q0 22-26 48l-363 354 86 500q1 7 1 20 0 21-10.5 35.5t-30.5 14.5q-19 0-40-12l-449-236-449 236q-22 12-40 12-21 0-31.5-14.5t-10.5-35.5q0-6 2-20l86-500-364-354q-25-27-25-48 0-37 56-46l502-73 225-455q19-41 49-41t49 41l225 455 502 73q56 9 56 46z\" fill=\"#fb8e28\"><\/path><\/svg><\/span><span class=\"wp-star\"><svg width=\"17\" height=\"17\" viewBox=\"0 0 1792 1792\" role=\"none\"><path d=\"M1728 647q0 22-26 48l-363 354 86 500q1 7 1 20 0 21-10.5 35.5t-30.5 14.5q-19 0-40-12l-449-236-449 236q-22 12-40 12-21 0-31.5-14.5t-10.5-35.5q0-6 2-20l86-500-364-354q-25-27-25-48 0-37 56-46l502-73 225-455q19-41 49-41t49 41l225 455 502 73q56 9 56 46z\" fill=\"#fb8e28\"><\/path><\/svg><\/span><span class=\"wp-star\"><svg width=\"17\" height=\"17\" viewBox=\"0 0 1792 1792\" role=\"none\"><path d=\"M1728 647q0 22-26 48l-363 354 86 500q1 7 1 20 0 21-10.5 35.5t-30.5 14.5q-19 0-40-12l-449-236-449 236q-22 12-40 12-21 0-31.5-14.5t-10.5-35.5q0-6 2-20l86-500-364-354q-25-27-25-48 0-37 56-46l502-73 225-455q19-41 49-41t49 41l225 455 502 73q56 9 56 46z\" fill=\"#fb8e28\"><\/path><\/svg><\/span><span class=\"wp-star\"><svg width=\"17\" height=\"17\" viewBox=\"0 0 1792 1792\" role=\"none\"><path d=\"M1728 647q0 22-26 48l-363 354 86 500q1 7 1 20 0 21-10.5 35.5t-30.5 14.5q-19 0-40-12l-449-236-449 236q-22 12-40 12-21 0-31.5-14.5t-10.5-35.5q0-6 2-20l86-500-364-354q-25-27-25-48 0-37 56-46l502-73 225-455q19-41 49-41t49 41l225 455 502 73q56 9 56 46z\" fill=\"#fb8e28\"><\/path><\/svg><\/span><\/span><\/span><span class=\"wp-google-text\" tabindex=\"0\"><\/span><\/div><\/div><\/div><div class=\"wp-google-review\"><div class=\"wp-google-left\"><img src=\"https:\/\/www.la-cordee.net\/wp-content\/uploads\/ChIJRbEPTARy5kcRA1rkXPAF8Zg_b85fab3b5949d20998f8f32c6ec4fb3c.jpg\" loading=\"lazy\" class=\"grw-review-avatar\" alt=\"\" width=\"50\" height=\"50\" onerror=\"if(this.src!='https:\/\/www.la-cordee.net\/wp-content\/plugins\/widget-google-reviews\/assets\/img\/guest.png')this.src='https:\/\/www.la-cordee.net\/wp-content\/plugins\/widget-google-reviews\/assets\/img\/guest.png';\" ><\/div><div class=\"wp-google-right\"><a href=\"https:\/\/www.google.com\/maps\/contrib\/109756586762493898957\/reviews\" class=\"wp-google-name\" rel=\"noopener\" aria-label=\"Google user profile\">Arthur Monteiro<\/a><div class=\"wp-google-time\" data-time=\"1688643275\">11:34 06 Jul 23<\/div><div class=\"wp-google-feedback\"><span class=\"wp-google-stars\"><span class=\"wp-stars\"><span class=\"wp-star\"><svg width=\"17\" height=\"17\" viewBox=\"0 0 1792 1792\" role=\"none\"><path d=\"M1728 647q0 22-26 48l-363 354 86 500q1 7 1 20 0 21-10.5 35.5t-30.5 14.5q-19 0-40-12l-449-236-449 236q-22 12-40 12-21 0-31.5-14.5t-10.5-35.5q0-6 2-20l86-500-364-354q-25-27-25-48 0-37 56-46l502-73 225-455q19-41 49-41t49 41l225 455 502 73q56 9 56 46z\" fill=\"#fb8e28\"><\/path><\/svg><\/span><span class=\"wp-star\"><svg width=\"17\" height=\"17\" viewBox=\"0 0 1792 1792\" role=\"none\"><path d=\"M1728 647q0 22-26 48l-363 354 86 500q1 7 1 20 0 21-10.5 35.5t-30.5 14.5q-19 0-40-12l-449-236-449 236q-22 12-40 12-21 0-31.5-14.5t-10.5-35.5q0-6 2-20l86-500-364-354q-25-27-25-48 0-37 56-46l502-73 225-455q19-41 49-41t49 41l225 455 502 73q56 9 56 46z\" fill=\"#fb8e28\"><\/path><\/svg><\/span><span class=\"wp-star\"><svg width=\"17\" height=\"17\" viewBox=\"0 0 1792 1792\" role=\"none\"><path d=\"M1728 647q0 22-26 48l-363 354 86 500q1 7 1 20 0 21-10.5 35.5t-30.5 14.5q-19 0-40-12l-449-236-449 236q-22 12-40 12-21 0-31.5-14.5t-10.5-35.5q0-6 2-20l86-500-364-354q-25-27-25-48 0-37 56-46l502-73 225-455q19-41 49-41t49 41l225 455 502 73q56 9 56 46z\" fill=\"#fb8e28\"><\/path><\/svg><\/span><span class=\"wp-star\"><svg width=\"17\" height=\"17\" viewBox=\"0 0 1792 1792\" role=\"none\"><path d=\"M1728 647q0 22-26 48l-363 354 86 500q1 7 1 20 0 21-10.5 35.5t-30.5 14.5q-19 0-40-12l-449-236-449 236q-22 12-40 12-21 0-31.5-14.5t-10.5-35.5q0-6 2-20l86-500-364-354q-25-27-25-48 0-37 56-46l502-73 225-455q19-41 49-41t49 41l225 455 502 73q56 9 56 46z\" fill=\"#fb8e28\"><\/path><\/svg><\/span><span class=\"wp-star\"><svg width=\"17\" height=\"17\" viewBox=\"0 0 1792 1792\" role=\"none\"><path d=\"M1728 647q0 22-26 48l-363 354 86 500q1 7 1 20 0 21-10.5 35.5t-30.5 14.5q-19 0-40-12l-449-236-449 236q-22 12-40 12-21 0-31.5-14.5t-10.5-35.5q0-6 2-20l86-500-364-354q-25-27-25-48 0-37 56-46l502-73 225-455q19-41 49-41t49 41l225 455 502 73q56 9 56 46z\" fill=\"#fb8e28\"><\/path><\/svg><\/span><\/span><\/span><span class=\"wp-google-text\" tabindex=\"0\"><\/span><\/div><\/div><\/div><div class=\"wp-google-review\"><div class=\"wp-google-left\"><img src=\"https:\/\/www.la-cordee.net\/wp-content\/uploads\/ChIJRbEPTARy5kcRA1rkXPAF8Zg_501976f3281adb90aa854443cbae2e92.jpg\" loading=\"lazy\" class=\"grw-review-avatar\" alt=\"\" width=\"50\" height=\"50\" onerror=\"if(this.src!='https:\/\/www.la-cordee.net\/wp-content\/plugins\/widget-google-reviews\/assets\/img\/guest.png')this.src='https:\/\/www.la-cordee.net\/wp-content\/plugins\/widget-google-reviews\/assets\/img\/guest.png';\" ><\/div><div class=\"wp-google-right\"><a href=\"https:\/\/www.google.com\/maps\/contrib\/106137226379900031504\/reviews\" class=\"wp-google-name\" rel=\"noopener\" aria-label=\"Google user profile\">Axelle Brongniart<\/a><div class=\"wp-google-time\" data-time=\"1680635010\">19:03 04 Apr 23<\/div><div class=\"wp-google-feedback\"><span class=\"wp-google-stars\"><span class=\"wp-stars\"><span class=\"wp-star\"><svg width=\"17\" height=\"17\" viewBox=\"0 0 1792 1792\" role=\"none\"><path d=\"M1728 647q0 22-26 48l-363 354 86 500q1 7 1 20 0 21-10.5 35.5t-30.5 14.5q-19 0-40-12l-449-236-449 236q-22 12-40 12-21 0-31.5-14.5t-10.5-35.5q0-6 2-20l86-500-364-354q-25-27-25-48 0-37 56-46l502-73 225-455q19-41 49-41t49 41l225 455 502 73q56 9 56 46z\" fill=\"#fb8e28\"><\/path><\/svg><\/span><span class=\"wp-star\"><svg width=\"17\" height=\"17\" viewBox=\"0 0 1792 1792\" role=\"none\"><path d=\"M1728 647q0 22-26 48l-363 354 86 500q1 7 1 20 0 21-10.5 35.5t-30.5 14.5q-19 0-40-12l-449-236-449 236q-22 12-40 12-21 0-31.5-14.5t-10.5-35.5q0-6 2-20l86-500-364-354q-25-27-25-48 0-37 56-46l502-73 225-455q19-41 49-41t49 41l225 455 502 73q56 9 56 46z\" fill=\"#fb8e28\"><\/path><\/svg><\/span><span class=\"wp-star\"><svg width=\"17\" height=\"17\" viewBox=\"0 0 1792 1792\" role=\"none\"><path d=\"M1728 647q0 22-26 48l-363 354 86 500q1 7 1 20 0 21-10.5 35.5t-30.5 14.5q-19 0-40-12l-449-236-449 236q-22 12-40 12-21 0-31.5-14.5t-10.5-35.5q0-6 2-20l86-500-364-354q-25-27-25-48 0-37 56-46l502-73 225-455q19-41 49-41t49 41l225 455 502 73q56 9 56 46z\" fill=\"#fb8e28\"><\/path><\/svg><\/span><span class=\"wp-star\"><svg width=\"17\" height=\"17\" viewBox=\"0 0 1792 1792\" role=\"none\"><path d=\"M1728 647q0 22-26 48l-363 354 86 500q1 7 1 20 0 21-10.5 35.5t-30.5 14.5q-19 0-40-12l-449-236-449 236q-22 12-40 12-21 0-31.5-14.5t-10.5-35.5q0-6 2-20l86-500-364-354q-25-27-25-48 0-37 56-46l502-73 225-455q19-41 49-41t49 41l225 455 502 73q56 9 56 46z\" fill=\"#fb8e28\"><\/path><\/svg><\/span><span class=\"wp-star\"><svg width=\"17\" height=\"17\" viewBox=\"0 0 1792 1792\" role=\"none\"><path d=\"M1728 647q0 22-26 48l-363 354 86 500q1 7 1 20 0 21-10.5 35.5t-30.5 14.5q-19 0-40-12l-449-236-449 236q-22 12-40 12-21 0-31.5-14.5t-10.5-35.5q0-6 2-20l86-500-364-354q-25-27-25-48 0-37 56-46l502-73 225-455q19-41 49-41t49 41l225 455 502 73q56 9 56 46z\" fill=\"#fb8e28\"><\/path><\/svg><\/span><\/span><\/span><span class=\"wp-google-text\" tabindex=\"0\"><\/span><\/div><\/div><\/div><\/div><a href=\"https:\/\/search.google.com\/local\/reviews?placeid=ChIJRbEPTARy5kcRA1rkXPAF8Zg\" class=\"wp-google-url\" rel=\"noopener\" aria-label=\"All reviews\">See All Reviews<\/a><\/div><\/div><img src=\"data:image\/gif;base64,R0lGODlhAQABAIAAAAAAAP\/\/\/yH5BAEAAAAALAAAAAABAAEAAAIBRAA7\" alt=\"\" onload=\"(function(el, data) {var f = function() { window.grw_init ? grw_init(el, data) : setTimeout(f, 400) }; f() })(this);\" width=\"1\" height=\"1\" style=\"display:none\"><\/div>        <\/div><\/div>\n<\/div><\/div><div class=\"flex_cell no_margin av_one_half   \"  style='vertical-align:top; padding:30px; ' ><div class='flex_cell_inner' ><p><br \/>\n<section class=\"av_textblock_section \"  =\"\" =\"https:\/\/schema.org\/CreativeWork\" ><div class='avia_textblock  '   =\"text\" ><p><strong>La Cord\u00e9e Gare de Lyon<\/strong><br \/>\n61 rue Traversi\u00e8re<br \/>\n75012 Paris<\/p>\n<\/div><\/section><br \/>\n<div   class=\"togglecontainer   toggle_close_all \" >\n<section class=\"av_toggle_section\"  =\"\" =\"https:\/\/schema.org\/CreativeWork\"  >    <div role=\"tablist\" class=\"single_toggle\" data-tags=\"{All} \"  >        <p data-fake-id=\"#toggle-id-1\" class=\"toggler \"  =\"headline\"    role=\"tab\" tabindex=\"0\" aria-controls=\"toggle-id-1\">Parking<span class=\"toggle_icon\" >        <span class=\"vert_icon\"><\/span><span class=\"hor_icon\"><\/span><\/span><\/p>        <div id=\"toggle-id-1\" class=\"toggle_wrap \"   >            <div class=\"toggle_content invers-color \"  =\"text\"   ><p class=\"font-claude-response-body break-words whitespace-normal leading-&#091;1.7&#093;\">Public parking nearby.<\/p>\n            <\/div>        <\/div>    <\/div><\/section>\n<section class=\"av_toggle_section\"  =\"\" =\"https:\/\/schema.org\/CreativeWork\"  >    <div role=\"tablist\" class=\"single_toggle\" data-tags=\"{All} \"  >        <p data-fake-id=\"#toggle-id-2\" class=\"toggler \"  =\"headline\"    role=\"tab\" tabindex=\"0\" aria-controls=\"toggle-id-2\">Public transportation<span class=\"toggle_icon\" >        <span class=\"vert_icon\"><\/span><span class=\"hor_icon\"><\/span><\/span><\/p>        <div id=\"toggle-id-2\" class=\"toggle_wrap \"   >            <div class=\"toggle_content invers-color \"  =\"text\"   ><p class=\"font-claude-response-body break-words whitespace-normal leading-&#091;1.7&#093;\">Gare de Lyon TGV station<\/p>\n<p class=\"font-claude-response-body break-words whitespace-normal leading-&#091;1.7&#093;\">Metro lines 1, 14, RER A and D (Gare de Lyon) and metro line 8 (Ledru-Rollin)<\/p>\n<p class=\"font-claude-response-body break-words whitespace-normal leading-&#091;1.7&#093;\">Buses 20 \/ 63 \/ 65 \/ 29 \/ 87 \/ 57 \/ 91<\/p>\n            <\/div>        <\/div>    <\/div><\/section>\n<\/div><\/p>\n<\/div><\/div>\n<\/div>\n<\/div><\/div><\/div><!-- close content main div --><\/div><\/div><div id='av_section_7'  class='avia-section main_color avia-section-default avia-no-border-styling  avia-bg-style-scroll   container_wrap fullsize' style='background-color: #b9bd13;  '  ><div class='container' ><div class='template-page content  av-content-full alpha units'><div class='post-entry post-entry-type-page post-entry-1284'><div class='entry-content-wrapper clearfix'>\n<div  style='padding-bottom:10px; color:#ffffff;' class='av-special-heading av-special-heading-h2 custom-color-heading blockquote modern-quote modern-centered  '><h2 class='av-special-heading-tag '  =\"headline\"  >The magazine talks about it<\/h2><div class='special-heading-border'><div class='special-heading-inner-border' style='border-color:#ffffff'><\/div><\/div><\/div>\n\n\n","protected":false},"featured_media":1942034,"template":"","better_featured_image":{"id":1942034,"alt_text":"Espaces de travail attitr\u00e9s sous verri\u00e8re au calme","caption":"Bureaux \u00e0 louer avec vue sur cour","description":"","media_type":"image","media_details":{"width":2560,"height":1920,"file":"Paris_PostesAttitres_Verriere-scaled.jpg","filesize":2325367,"sizes":{"medium":{"file":"Paris_PostesAttitres_Verriere-1000x750.jpg","width":1000,"height":750,"mime-type":"image\/jpeg","filesize":458508,"source_url":"https:\/\/www.la-cordee.net\/wp-content\/uploads\/Paris_PostesAttitres_Verriere-1000x750.jpg"},"large":{"file":"Paris_PostesAttitres_Verriere-1030x773.jpg","width":1030,"height":773,"mime-type":"image\/jpeg","filesize":484366,"source_url":"https:\/\/www.la-cordee.net\/wp-content\/uploads\/Paris_PostesAttitres_Verriere-1030x773.jpg"},"thumbnail":{"file":"Paris_PostesAttitres_Verriere-1000x1000.jpg","width":1000,"height":1000,"mime-type":"image\/jpeg","filesize":585956,"source_url":"https:\/\/www.la-cordee.net\/wp-content\/uploads\/Paris_PostesAttitres_Verriere-1000x1000.jpg"},"medium_large":{"file":"Paris_PostesAttitres_Verriere-768x576.jpg","width":768,"height":576,"mime-type":"image\/jpeg","filesize":287360,"source_url":"https:\/\/www.la-cordee.net\/wp-content\/uploads\/Paris_PostesAttitres_Verriere-768x576.jpg"},"1536x1536":{"file":"Paris_PostesAttitres_Verriere-1536x1152.jpg","width":1536,"height":1152,"mime-type":"image\/jpeg","filesize":970153,"source_url":"https:\/\/www.la-cordee.net\/wp-content\/uploads\/Paris_PostesAttitres_Verriere-1536x1152.jpg"},"2048x2048":{"file":"Paris_PostesAttitres_Verriere-2048x1536.jpg","width":2048,"height":1536,"mime-type":"image\/jpeg","filesize":1595232,"source_url":"https:\/\/www.la-cordee.net\/wp-content\/uploads\/Paris_PostesAttitres_Verriere-2048x1536.jpg"},"widget":{"file":"Paris_PostesAttitres_Verriere-36x36.jpg","width":36,"height":36,"mime-type":"image\/jpeg","filesize":2195,"source_url":"https:\/\/www.la-cordee.net\/wp-content\/uploads\/Paris_PostesAttitres_Verriere-36x36.jpg"},"square":{"file":"Paris_PostesAttitres_Verriere-180x180.jpg","width":180,"height":180,"mime-type":"image\/jpeg","filesize":29973,"source_url":"https:\/\/www.la-cordee.net\/wp-content\/uploads\/Paris_PostesAttitres_Verriere-180x180.jpg"},"featured":{"file":"Paris_PostesAttitres_Verriere-1500x430.jpg","width":1500,"height":430,"mime-type":"image\/jpeg","filesize":364885,"source_url":"https:\/\/www.la-cordee.net\/wp-content\/uploads\/Paris_PostesAttitres_Verriere-1500x430.jpg"},"featured_large":{"file":"Paris_PostesAttitres_Verriere-1500x630.jpg","width":1500,"height":630,"mime-type":"image\/jpeg","filesize":534993,"source_url":"https:\/\/www.la-cordee.net\/wp-content\/uploads\/Paris_PostesAttitres_Verriere-1500x630.jpg"},"extra_large":{"file":"Paris_PostesAttitres_Verriere-1500x1125.jpg","width":1500,"height":1125,"mime-type":"image\/jpeg","filesize":935610,"source_url":"https:\/\/www.la-cordee.net\/wp-content\/uploads\/Paris_PostesAttitres_Verriere-1500x1125.jpg"},"portfolio":{"file":"Paris_PostesAttitres_Verriere-495x400.jpg","width":495,"height":400,"mime-type":"image\/jpeg","filesize":142436,"source_url":"https:\/\/www.la-cordee.net\/wp-content\/uploads\/Paris_PostesAttitres_Verriere-495x400.jpg"},"portfolio_small":{"file":"Paris_PostesAttitres_Verriere-260x185.jpg","width":260,"height":185,"mime-type":"image\/jpeg","filesize":41811,"source_url":"https:\/\/www.la-cordee.net\/wp-content\/uploads\/Paris_PostesAttitres_Verriere-260x185.jpg"},"gallery":{"file":"Paris_PostesAttitres_Verriere-845x684.jpg","width":845,"height":684,"mime-type":"image\/jpeg","filesize":366905,"source_url":"https:\/\/www.la-cordee.net\/wp-content\/uploads\/Paris_PostesAttitres_Verriere-845x684.jpg"},"magazine":{"file":"Paris_PostesAttitres_Verriere-710x375.jpg","width":710,"height":375,"mime-type":"image\/jpeg","filesize":180070,"source_url":"https:\/\/www.la-cordee.net\/wp-content\/uploads\/Paris_PostesAttitres_Verriere-710x375.jpg"},"masonry":{"file":"Paris_PostesAttitres_Verriere-705x529.jpg","width":705,"height":529,"mime-type":"image\/jpeg","filesize":248600,"source_url":"https:\/\/www.la-cordee.net\/wp-content\/uploads\/Paris_PostesAttitres_Verriere-705x529.jpg"},"entry_with_sidebar":{"file":"Paris_PostesAttitres_Verriere-845x321.jpg","width":845,"height":321,"mime-type":"image\/jpeg","filesize":179930,"source_url":"https:\/\/www.la-cordee.net\/wp-content\/uploads\/Paris_PostesAttitres_Verriere-845x321.jpg"},"entry_without_sidebar":{"file":"Paris_PostesAttitres_Verriere-1210x423.jpg","width":1210,"height":423,"mime-type":"image\/jpeg","filesize":308077,"source_url":"https:\/\/www.la-cordee.net\/wp-content\/uploads\/Paris_PostesAttitres_Verriere-1210x423.jpg"}},"image_meta":{"aperture":"0","credit":"","camera":"","caption":"","created_timestamp":"0","copyright":"","focal_length":"0","iso":"0","shutter_speed":"0","title":"","orientation":"0","keywords":[]},"original_image":"Paris_PostesAttitres_Verriere.jpg"},"post":null,"source_url":"https:\/\/www.la-cordee.net\/wp-content\/uploads\/Paris_PostesAttitres_Verriere-scaled.jpg"},"acf":{"id-du-couteau-suisse":"965","e-mail-du-couteau-suisse":"paris@la-cordee.net","latitude":"48.8489575","longitude":"2.3742681","cordee-contact-form-select-name":"Paris - Gare de Lyon","en-construction":false,"icone-cordee":{"ID":1932129,"id":1932129,"title":"Logo_Cordee_Paris_500","filename":"Logo_Cordee_Paris_500.gif","filesize":20877,"url":"https:\/\/www.la-cordee.net\/wp-content\/uploads\/Logo_Cordee_Paris_500.gif","link":"https:\/\/www.la-cordee.net\/en\/cordee\/paris\/paris-gare-de-lyon\/attachment\/logo_cordee_paris_500\/","alt":"Logo La Cord\u00e9e Paris","author":"30","description":"","caption":"","name":"logo_cordee_paris_500","status":"inherit","uploaded_to":611,"date":"2023-09-19 12:45:20","modified":"2023-09-19 12:45:31","menu_order":0,"mime_type":"image\/gif","type":"image","subtype":"gif","icon":"https:\/\/www.la-cordee.net\/wp-includes\/images\/media\/default.png","width":500,"height":430,"sizes":{"thumbnail":"https:\/\/www.la-cordee.net\/wp-content\/uploads\/Logo_Cordee_Paris_500.gif","thumbnail-width":500,"thumbnail-height":430,"medium":"https:\/\/www.la-cordee.net\/wp-content\/uploads\/Logo_Cordee_Paris_500.gif","medium-width":500,"medium-height":430,"medium_large":"https:\/\/www.la-cordee.net\/wp-content\/uploads\/Logo_Cordee_Paris_500.gif","medium_large-width":500,"medium_large-height":430,"large":"https:\/\/www.la-cordee.net\/wp-content\/uploads\/Logo_Cordee_Paris_500.gif","large-width":500,"large-height":430,"1536x1536":"https:\/\/www.la-cordee.net\/wp-content\/uploads\/Logo_Cordee_Paris_500.gif","1536x1536-width":500,"1536x1536-height":430,"2048x2048":"https:\/\/www.la-cordee.net\/wp-content\/uploads\/Logo_Cordee_Paris_500.gif","2048x2048-width":500,"2048x2048-height":430,"widget":"https:\/\/www.la-cordee.net\/wp-content\/uploads\/Logo_Cordee_Paris_500-36x36.gif","widget-width":36,"widget-height":36,"square":"https:\/\/www.la-cordee.net\/wp-content\/uploads\/Logo_Cordee_Paris_500-180x180.gif","square-width":180,"square-height":180,"featured":"https:\/\/www.la-cordee.net\/wp-content\/uploads\/Logo_Cordee_Paris_500.gif","featured-width":500,"featured-height":430,"featured_large":"https:\/\/www.la-cordee.net\/wp-content\/uploads\/Logo_Cordee_Paris_500.gif","featured_large-width":500,"featured_large-height":430,"extra_large":"https:\/\/www.la-cordee.net\/wp-content\/uploads\/Logo_Cordee_Paris_500.gif","extra_large-width":500,"extra_large-height":430,"portfolio":"https:\/\/www.la-cordee.net\/wp-content\/uploads\/Logo_Cordee_Paris_500-495x400.gif","portfolio-width":495,"portfolio-height":400,"portfolio_small":"https:\/\/www.la-cordee.net\/wp-content\/uploads\/Logo_Cordee_Paris_500-260x185.gif","portfolio_small-width":260,"portfolio_small-height":185,"gallery":"https:\/\/www.la-cordee.net\/wp-content\/uploads\/Logo_Cordee_Paris_500.gif","gallery-width":500,"gallery-height":430,"magazine":"https:\/\/www.la-cordee.net\/wp-content\/uploads\/Logo_Cordee_Paris_500-500x375.gif","magazine-width":500,"magazine-height":375,"masonry":"https:\/\/www.la-cordee.net\/wp-content\/uploads\/Logo_Cordee_Paris_500.gif","masonry-width":500,"masonry-height":430,"entry_with_sidebar":"https:\/\/www.la-cordee.net\/wp-content\/uploads\/Logo_Cordee_Paris_500-500x321.gif","entry_with_sidebar-width":500,"entry_with_sidebar-height":321,"entry_without_sidebar":"https:\/\/www.la-cordee.net\/wp-content\/uploads\/Logo_Cordee_Paris_500-500x423.gif","entry_without_sidebar-width":500,"entry_without_sidebar-height":423,"gform-image-choice-sm":"https:\/\/www.la-cordee.net\/wp-content\/uploads\/Logo_Cordee_Paris_500.gif","gform-image-choice-sm-width":300,"gform-image-choice-sm-height":258,"gform-image-choice-md":"https:\/\/www.la-cordee.net\/wp-content\/uploads\/Logo_Cordee_Paris_500.gif","gform-image-choice-md-width":400,"gform-image-choice-md-height":344,"gform-image-choice-lg":"https:\/\/www.la-cordee.net\/wp-content\/uploads\/Logo_Cordee_Paris_500.gif","gform-image-choice-lg-width":500,"gform-image-choice-lg-height":430}},"mailchimp-list-id":"","fresque":"paris","visible-dans-la-fresque":"1","ville_de_cette_cordee":[{"ID":353,"post_author":"1","post_date":"2018-12-13 16:34:21","post_date_gmt":"2018-12-13 15:34:21","post_content":"","post_title":"Paris","post_excerpt":"","post_status":"publish","comment_status":"closed","ping_status":"closed","post_password":"","post_name":"paris","to_ping":"","pinged":"","post_modified":"2018-12-13 16:36:45","post_modified_gmt":"2018-12-13 15:36:45","post_content_filtered":"","post_parent":0,"guid":"https:\/\/www.la-cordee.net\/?post_type=villes&#038;p=353","menu_order":0,"post_type":"villes","post_mime_type":"","comment_count":"0","filter":"raw"}],"addresse_de_la_cordee":"61 rue Traversi\u00e8re<br \/>\r\n75012 Paris","footer_description":"Notre lumineux espace de coworking parisien t\u2019accueille \u00e0 2 pas de La gare de Lyon ! En travaillant sous la verri\u00e8re cach\u00e9e, tu en oublieras presque que tu es en plein c\u0153ur de Paris, entre Coul\u00e9e verte, march\u00e9 d'Aligre, petits caf\u00e9s et bistrots !"},"yoast_head":"<!-- This site is optimized with the Yoast SEO plugin v21.0 - https:\/\/yoast.com\/wordpress\/plugins\/seo\/ -->\n<title>Coworking Gare de Lyon, Paris 12th | La Cord\u00e9e<\/title>\n<meta name=\"description\" content=\"Enjoy a coworking space in the Gare de Lyon area with an open kitchen, meeting rooms, a hidden glass roof, and a close-knit community!\" \/>\n<meta name=\"robots\" content=\"index, follow, max-snippet:-1, max-image-preview:large, max-video-preview:-1\" \/>\n<link rel=\"canonical\" href=\"https:\/\/www.la-cordee.net\/en\/cordee\/paris\/paris-gare-de-lyon\/\" \/>\n<meta property=\"og:locale\" content=\"en_US\" \/>\n<meta property=\"og:type\" content=\"article\" \/>\n<meta property=\"og:title\" content=\"Coworking Gare de Lyon, Paris 12th | La Cord\u00e9e\" \/>\n<meta property=\"og:description\" content=\"Enjoy a coworking space in the Gare de Lyon area with an open kitchen, meeting rooms, a hidden glass roof, and a close-knit community!\" \/>\n<meta property=\"og:url\" content=\"https:\/\/www.la-cordee.net\/en\/cordee\/paris\/paris-gare-de-lyon\/\" \/>\n<meta property=\"og:site_name\" content=\"La Cord\u00e9e\" \/>\n<meta property=\"article:modified_time\" content=\"2026-03-09T11:08:16+00:00\" \/>\n<meta property=\"og:image\" content=\"https:\/\/www.la-cordee.net\/wp-content\/uploads\/Paris_PostesAttitres_Verriere-1030x773.jpg\" \/>\n\t<meta property=\"og:image:width\" content=\"1030\" \/>\n\t<meta property=\"og:image:height\" content=\"773\" \/>\n\t<meta property=\"og:image:type\" content=\"image\/jpeg\" \/>\n<meta name=\"twitter:card\" content=\"summary_large_image\" \/>\n<meta name=\"twitter:label1\" content=\"Est. reading time\" \/>\n\t<meta name=\"twitter:data1\" content=\"10 minutes\" \/>\n<!-- \/ Yoast SEO plugin. -->","yoast_head_json":{"title":"Coworking Gare de Lyon, Paris 12th | La Cord\u00e9e","description":"Enjoy a coworking space in the Gare de Lyon area with an open kitchen, meeting rooms, a hidden glass roof, and a close-knit community!","robots":{"index":"index","follow":"follow","max-snippet":"max-snippet:-1","max-image-preview":"max-image-preview:large","max-video-preview":"max-video-preview:-1"},"canonical":"https:\/\/www.la-cordee.net\/en\/cordee\/paris\/paris-gare-de-lyon\/","og_locale":"en_US","og_type":"article","og_title":"Coworking Gare de Lyon, Paris 12th | La Cord\u00e9e","og_description":"Enjoy a coworking space in the Gare de Lyon area with an open kitchen, meeting rooms, a hidden glass roof, and a close-knit community!","og_url":"https:\/\/www.la-cordee.net\/en\/cordee\/paris\/paris-gare-de-lyon\/","og_site_name":"La Cord\u00e9e","article_modified_time":"2026-03-09T11:08:16+00:00","og_image":[{"width":1030,"height":773,"url":"https:\/\/www.la-cordee.net\/wp-content\/uploads\/Paris_PostesAttitres_Verriere-1030x773.jpg","type":"image\/jpeg"}],"twitter_card":"summary_large_image","twitter_misc":{"Est. reading time":"10 minutes"},"schema":{"@context":"https:\/\/schema.org","@graph":[{"@type":"WebPage","@id":"https:\/\/www.la-cordee.net\/en\/cordee\/paris\/paris-gare-de-lyon\/","url":"https:\/\/www.la-cordee.net\/en\/cordee\/paris\/paris-gare-de-lyon\/","name":"Coworking Gare de Lyon, Paris 12th | La Cord\u00e9e","isPartOf":{"@id":"https:\/\/www.la-cordee.net\/#website"},"datePublished":"2018-12-17T12:14:27+00:00","dateModified":"2026-03-09T11:08:16+00:00","description":"Enjoy a coworking space in the Gare de Lyon area with an open kitchen, meeting rooms, a hidden glass roof, and a close-knit community!","breadcrumb":{"@id":"https:\/\/www.la-cordee.net\/en\/cordee\/paris\/paris-gare-de-lyon\/#breadcrumb"},"inLanguage":"en-US","potentialAction":[{"@type":"ReadAction","target":["https:\/\/www.la-cordee.net\/en\/cordee\/paris\/paris-gare-de-lyon\/"]}]},{"@type":"BreadcrumbList","@id":"https:\/\/www.la-cordee.net\/en\/cordee\/paris\/paris-gare-de-lyon\/#breadcrumb","itemListElement":[{"@type":"ListItem","position":1,"name":"Accueil","item":"https:\/\/www.la-cordee.net\/en\/accueil\/"},{"@type":"ListItem","position":2,"name":"Paris &#8211; Gare de Lyon"}]},{"@type":"WebSite","@id":"https:\/\/www.la-cordee.net\/#website","url":"https:\/\/www.la-cordee.net\/","name":"La Cord\u00e9e","description":"Espaces de coworking \u00e0 Lyon, Paris, Nantes, Rennes, Annecy","publisher":{"@id":"https:\/\/www.la-cordee.net\/#organization"},"potentialAction":[{"@type":"SearchAction","target":{"@type":"EntryPoint","urlTemplate":"https:\/\/www.la-cordee.net\/?s={search_term_string}"},"query-input":"required name=search_term_string"}],"inLanguage":"en-US"},{"@type":"Organization","@id":"https:\/\/www.la-cordee.net\/#organization","name":"La Cord\u00e9e","url":"https:\/\/www.la-cordee.net\/","logo":{"@type":"ImageObject","inLanguage":"en-US","@id":"https:\/\/www.la-cordee.net\/#\/schema\/logo\/image\/","url":"https:\/\/www.la-cordee.net\/wp-content\/uploads\/CORDEE_LOGO.png","contentUrl":"https:\/\/www.la-cordee.net\/wp-content\/uploads\/CORDEE_LOGO.png","width":200,"height":146,"caption":"La Cord\u00e9e"},"image":{"@id":"https:\/\/www.la-cordee.net\/#\/schema\/logo\/image\/"}}]}},"_links":{"self":[{"href":"https:\/\/www.la-cordee.net\/en\/wp-json\/wp\/v2\/cordee\/1284"}],"collection":[{"href":"https:\/\/www.la-cordee.net\/en\/wp-json\/wp\/v2\/cordee"}],"about":[{"href":"https:\/\/www.la-cordee.net\/en\/wp-json\/wp\/v2\/types\/cordee"}],"wp:featuredmedia":[{"embeddable":true,"href":"https:\/\/www.la-cordee.net\/en\/wp-json\/wp\/v2\/media\/1942034"}],"wp:attachment":[{"href":"https:\/\/www.la-cordee.net\/en\/wp-json\/wp\/v2\/media?parent=1284"}],"curies":[{"name":"wp","href":"https:\/\/api.w.org\/{rel}","templated":true}]}}