{"id":1220,"date":"2019-01-03T16:42:25","date_gmt":"2019-01-03T15:42:25","guid":{"rendered":"https:\/\/www.la-cordee.net\/?post_type=cordee&#038;p=1220"},"modified":"2026-03-23T13:20:08","modified_gmt":"2026-03-23T12:20:08","slug":"coworking-space-annecy","status":"publish","type":"cordee","link":"https:\/\/www.la-cordee.net\/en\/cordee\/annecy\/coworking-space-annecy\/","title":{"rendered":"Annecy"},"content":{"rendered":"<\/div><\/div><\/div><!-- close content main div --><\/div><\/div><div id='av_section_1'  class='avia-section main_color avia-section-default avia-no-border-styling  avia-bg-style-scroll   av-minimum-height av-minimum-height-custom  container_wrap fullsize' style='background-repeat: no-repeat; background-image: url(https:\/\/www.la-cordee.net\/wp-content\/uploads\/bandeau-annecy-1.png);background-attachment: scroll; background-position: top left;  '  data-section-bg-repeat='no-repeat'><div class='container' style='height:220px'><div class='template-page content  av-content-full alpha units'><div class='post-entry post-entry-type-page post-entry-1220'><div class='entry-content-wrapper clearfix'>\n<section class=\"av_textblock_section \"  =\"\" =\"https:\/\/schema.org\/CreativeWork\" ><div class='avia_textblock  '  style='font-size:40px; '  =\"text\" ><h1 style=\"font-weight: 300; font-family: Lato; color: #ffffff;\"><span style=\"background-color: rgba(131, 135, 14, 0.7);\">COWORKING SPACE IN ANNECY CITY CENTER<\/span><\/h1>\n<\/div><\/section>\n\n<div class=\"flex_column av_two_fifth  flex_column_div av-zero-column-padding first  \" style='border-radius:0px; '><div  class='avia-image-container  av-styling-    avia-align-center '  =\"image\" =\"\" =\"https:\/\/schema.org\/ImageObject\"  ><div class='avia-image-container-inner'><div class='avia-image-overlay-wrap'><img decoding=\"async\" class='wp-image-0 avia-img-lazy-loading-not-0 avia_image' src=\"https:\/\/www.la-cordee.net\/wp-content\/uploads\/CORDEE_FRESQUE-04.png\" alt='' title=''   =\"thumbnailUrl\"  \/><\/div><\/div><\/div><\/div>\n<div class=\"flex_column av_one_fifth  flex_column_div av-zero-column-padding   \" style='border-radius:0px; '><p><div  style='height:50px' class='hr hr-invisible  '><span class='hr-inner ' ><span class='hr-inner-style'><\/span><\/span><\/div><br \/>\n<div  class='avia-button-wrap avia-button-center ' ><a href='https:\/\/www.la-cordee.net\/en\/contact\/?theme=Visit&amp;lieu=Annecy'  class='avia-button  avia-color-theme-color   avia-icon_select-no avia-size-large avia-position-center '   ><span class='avia_iconbox_title' ><span style=\"font-size: 16px;\">Schedule a visit<\/span><\/span><\/a><\/div><\/p><\/div>\n<div class=\"flex_column av_two_fifth  flex_column_div av-zero-column-padding   \" style='border-radius:0px; '><p><div  style='height:10px' class='hr hr-invisible  '><span class='hr-inner ' ><span class='hr-inner-style'><\/span><\/span><\/div><br \/>\n<section class=\"av_textblock_section \"  =\"\" =\"https:\/\/schema.org\/CreativeWork\" ><div class='avia_textblock  '   =\"text\" ><p style=\"text-align: center;\"><strong>What a sunny place<\/strong>, with windows all over ! You will feel as if you were working outside. Except it&#8217;s warm all the time. When it&#8217;s really hot, you can enjoy one of the two terraces, away from the busy streets, with a bit of shade and plenty of fresh air.<\/p>\n<p style=\"text-align: center;\">There&#8217;s also: a kitchen, a quiet space, 3 meeting rooms, a shower for the sports addicts, and a nice community of happy workers led by Carine, the Couteau Suisse (Swiss knife, our &#8220;space manager&#8221;).<\/p>\n<\/div><\/section><\/p><\/div>\n<\/div><\/div><\/div><!-- close content main div --><\/div><\/div><div id='av_section_2'  class='avia-section main_color avia-section-default avia-no-border-styling  avia-bg-style-scroll   container_wrap fullsize' style='background-color: #b34317;  '  ><div class='container' ><div class='template-page content  av-content-full alpha units'><div class='post-entry post-entry-type-page post-entry-1220'><div class='entry-content-wrapper clearfix'>\n<div  style='padding-bottom:10px; color:#ffffff;font-size:34px;' class='av-special-heading av-special-heading-h2 custom-color-heading blockquote modern-quote modern-centered  av-inherit-size '><h2 class='av-special-heading-tag '  =\"headline\"  >The coworking space<\/h2><div class='special-heading-border'><div class='special-heading-inner-border' style='border-color:#ffffff'><\/div><\/div><\/div>\n\n<div class=\"flex_column av_one_third  flex_column_div av-zero-column-padding first  \" style='border-radius:0px; '><p><div  style='padding-bottom:10px; font-size:25px;' class='av-special-heading av-special-heading-h3  blockquote modern-quote modern-centered  av-inherit-size '><h3 class='av-special-heading-tag '  =\"headline\"  >Some quality focus time<\/h3><div class='special-heading-border'><div class='special-heading-inner-border' ><\/div><\/div><\/div><br \/>\n<div  class='avia-image-container  av-styling-    avia-align-center '  =\"image\" =\"\" =\"https:\/\/schema.org\/ImageObject\"  ><div class='avia-image-container-inner'><div class='avia-image-overlay-wrap'><img decoding=\"async\" class='wp-image-543 avia-img-lazy-loading-not-543 avia_image' src=\"https:\/\/www.la-cordee.net\/wp-content\/uploads\/DSC_5190-495x400.jpg\" alt='' title='DSC_5190' height=\"400\" width=\"495\"  =\"thumbnailUrl\" srcset=\"https:\/\/www.la-cordee.net\/wp-content\/uploads\/DSC_5190-495x400.jpg 495w, https:\/\/www.la-cordee.net\/wp-content\/uploads\/DSC_5190-845x684.jpg 845w\" sizes=\"(max-width: 495px) 100vw, 495px\" \/><\/div><\/div><\/div><\/p><\/div>\n<div class=\"flex_column av_one_third  flex_column_div av-zero-column-padding   \" style='border-radius:0px; '><p><div  style='padding-bottom:10px; font-size:25px;' class='av-special-heading av-special-heading-h3  blockquote modern-quote modern-centered  av-inherit-size '><h3 class='av-special-heading-tag '  =\"headline\"  >&#8230; and some fun ones !<\/h3><div class='special-heading-border'><div class='special-heading-inner-border' ><\/div><\/div><\/div><br \/>\n<div  class='avia-image-container  av-styling-    avia-align-center '  =\"image\" =\"\" =\"https:\/\/schema.org\/ImageObject\"  ><div class='avia-image-container-inner'><div class='avia-image-overlay-wrap'><img decoding=\"async\" class='wp-image-545 avia-img-lazy-loading-not-545 avia_image' src=\"https:\/\/www.la-cordee.net\/wp-content\/uploads\/DSC_5249-495x400.jpg\" alt='' title='DSC_5249' height=\"400\" width=\"495\"  =\"thumbnailUrl\" srcset=\"https:\/\/www.la-cordee.net\/wp-content\/uploads\/DSC_5249-495x400.jpg 495w, https:\/\/www.la-cordee.net\/wp-content\/uploads\/DSC_5249-845x684.jpg 845w\" sizes=\"(max-width: 495px) 100vw, 495px\" \/><\/div><\/div><\/div><\/p><\/div>\n<div class=\"flex_column av_one_third  flex_column_div av-zero-column-padding   \" style='border-radius:0px; '><p><div  style='padding-bottom:10px; font-size:25px;' class='av-special-heading av-special-heading-h3  blockquote modern-quote modern-centered  av-inherit-size '><h3 class='av-special-heading-tag '  =\"headline\"  >In a sunlit place<\/h3><div class='special-heading-border'><div class='special-heading-inner-border' ><\/div><\/div><\/div><br \/>\n<div  class='avia-image-container  av-styling-    avia-align-center '  =\"image\" =\"\" =\"https:\/\/schema.org\/ImageObject\"  ><div class='avia-image-container-inner'><div class='avia-image-overlay-wrap'><img decoding=\"async\" class='wp-image-539 avia-img-lazy-loading-not-539 avia_image' src=\"https:\/\/www.la-cordee.net\/wp-content\/uploads\/DSC_4853-495x400.jpg\" alt='' title='DSC_4853' height=\"400\" width=\"495\"  =\"thumbnailUrl\" srcset=\"https:\/\/www.la-cordee.net\/wp-content\/uploads\/DSC_4853-495x400.jpg 495w, https:\/\/www.la-cordee.net\/wp-content\/uploads\/DSC_4853-845x684.jpg 845w\" sizes=\"(max-width: 495px) 100vw, 495px\" \/><\/div><\/div><\/div><\/p><\/div>\n<div class=\"flex_column av_one_third  flex_column_div av-zero-column-padding first  \" style='border-radius:0px; '><p><div  style='padding-bottom:10px; font-size:25px;' class='av-special-heading av-special-heading-h3  blockquote modern-quote modern-centered  av-inherit-size '><h3 class='av-special-heading-tag '  =\"headline\"  >Around a snack <\/h3><div class='special-heading-border'><div class='special-heading-inner-border' ><\/div><\/div><\/div><br \/>\n<div  class='avia-image-container  av-styling-    avia-align-center '  =\"image\" =\"\" =\"https:\/\/schema.org\/ImageObject\"  ><div class='avia-image-container-inner'><div class='avia-image-overlay-wrap'><img decoding=\"async\" class='wp-image-544 avia-img-lazy-loading-not-544 avia_image' src=\"https:\/\/www.la-cordee.net\/wp-content\/uploads\/DSC_5234-1-300x200.jpg\" alt='Moment d&#039;\u00e9change \u00e0 La Cord\u00e9e d&#039;Annecy' title='DSC_5234' height=\"200\" width=\"300\"  =\"thumbnailUrl\" srcset=\"https:\/\/www.la-cordee.net\/wp-content\/uploads\/DSC_5234-1-300x200.jpg 300w, https:\/\/www.la-cordee.net\/wp-content\/uploads\/DSC_5234-1-768x512.jpg 768w, https:\/\/www.la-cordee.net\/wp-content\/uploads\/DSC_5234-1-1030x687.jpg 1030w, https:\/\/www.la-cordee.net\/wp-content\/uploads\/DSC_5234-1-705x470.jpg 705w, https:\/\/www.la-cordee.net\/wp-content\/uploads\/DSC_5234-1-450x300.jpg 450w, https:\/\/www.la-cordee.net\/wp-content\/uploads\/DSC_5234-1.jpg 1499w\" sizes=\"(max-width: 300px) 100vw, 300px\" \/><\/div><\/div><\/div><\/p><\/div>\n<div class=\"flex_column av_one_third  flex_column_div av-zero-column-padding   \" style='border-radius:0px; '><p><div  style='padding-bottom:10px; font-size:25px;' class='av-special-heading av-special-heading-h3  blockquote modern-quote modern-centered  av-inherit-size '><h3 class='av-special-heading-tag '  =\"headline\"  >Team work<\/h3><div class='special-heading-border'><div class='special-heading-inner-border' ><\/div><\/div><\/div><br \/>\n<div  class='avia-image-container  av-styling-    avia-align-center '  =\"image\" =\"\" =\"https:\/\/schema.org\/ImageObject\"  ><div class='avia-image-container-inner'><div class='avia-image-overlay-wrap'><img decoding=\"async\" class='wp-image-540 avia-img-lazy-loading-not-540 avia_image' src=\"https:\/\/www.la-cordee.net\/wp-content\/uploads\/DSC_5022-495x400.jpg\" alt='' title='DSC_5022' height=\"400\" width=\"495\"  =\"thumbnailUrl\" srcset=\"https:\/\/www.la-cordee.net\/wp-content\/uploads\/DSC_5022-495x400.jpg 495w, https:\/\/www.la-cordee.net\/wp-content\/uploads\/DSC_5022-845x684.jpg 845w\" sizes=\"(max-width: 495px) 100vw, 495px\" \/><\/div><\/div><\/div><\/p><\/div>\n<div class=\"flex_column av_one_third  flex_column_div av-zero-column-padding   \" style='border-radius:0px; '><p><div  style='padding-bottom:10px; font-size:25px;' class='av-special-heading av-special-heading-h3  blockquote modern-quote modern-centered  av-inherit-size '><h3 class='av-special-heading-tag '  =\"headline\"  >Meeting rooms<\/h3><div class='special-heading-border'><div class='special-heading-inner-border' ><\/div><\/div><\/div><br \/>\n<div  class='avia-image-container  av-styling-    avia-align-center '  =\"image\" =\"\" =\"https:\/\/schema.org\/ImageObject\"  ><div class='avia-image-container-inner'><div class='avia-image-overlay-wrap'><img decoding=\"async\" class='wp-image-541 avia-img-lazy-loading-not-541 avia_image' src=\"https:\/\/www.la-cordee.net\/wp-content\/uploads\/DSC_5055-495x400.jpg\" alt='' title='DSC_5055' height=\"400\" width=\"495\"  =\"thumbnailUrl\" srcset=\"https:\/\/www.la-cordee.net\/wp-content\/uploads\/DSC_5055-495x400.jpg 495w, https:\/\/www.la-cordee.net\/wp-content\/uploads\/DSC_5055-845x684.jpg 845w\" sizes=\"(max-width: 495px) 100vw, 495px\" \/><\/div><\/div><\/div><\/p><\/div>\n<div class=\"flex_column av_one_half  flex_column_div av-zero-column-padding first  \" style='border-radius:0px; '><div  class='avia-button-wrap avia-button-center ' ><a href='https:\/\/www.la-cordee.net\/contact\/?theme=Visit&amp;lieu=Annecy' class='avia-button  avia-color-theme-color   avia-icon_select-no avia-size-large avia-position-center ' target=\"_blank\" rel=\"noopener noreferrer\"><span class='avia_iconbox_title' ><span style=\"font-size: 16px;\">Ask for a one-day trial<\/span><\/span><\/a><\/div><\/div>\n<div class=\"flex_column av_one_half  flex_column_div av-zero-column-padding   \" style='border-radius:0px; '><div  class='avia-button-wrap avia-button-center ' ><a href='https:\/\/www.la-cordee.net\/en\/meeting-rooms\/?from=annecy'  class='avia-button   avia-icon_select-no avia-size-large avia-position-center '  style='background-color:#b9bd13; border-color:#b9bd13; color:#ffffff; ' ><span class='avia_iconbox_title' ><span style=\"font-size: 16px;\">Interested by a meeting room?<\/span><\/span><\/a><\/div><\/div>\n<\/div><\/div><\/div><!-- close content main div --><\/div><\/div><div id='av_section_3'  class='avia-section main_color avia-section-default avia-no-border-styling  avia-bg-style-scroll   container_wrap fullsize' style='background-color: #186665;  '  ><div class='container' ><div class='template-page content  av-content-full alpha units'><div class='post-entry post-entry-type-page post-entry-1220'><div class='entry-content-wrapper clearfix'>\n<div  style='padding-bottom:10px; color:#ffffff;font-size:34px;' class='av-special-heading av-special-heading-h2 custom-color-heading blockquote modern-quote modern-centered  av-inherit-size '><h2 class='av-special-heading-tag '  =\"headline\"  >The Team &#8211; Carine<\/h2><div class='special-heading-border'><div class='special-heading-inner-border' style='border-color:#ffffff'><\/div><\/div><\/div>\n\n<div class=\"flex_column av_one_fifth  flex_column_div av-zero-column-padding first  \" style='border-radius:0px; '><div  class='avia-image-container  av-styling-    avia-align-center '  =\"image\" =\"\" =\"https:\/\/schema.org\/ImageObject\"  ><div class='avia-image-container-inner'><div class='avia-image-overlay-wrap'><img decoding=\"async\" class='wp-image-0 avia-img-lazy-loading-not-0 avia_image' src=\"https:\/\/www.la-cordee.net\/wp-content\/uploads\/Carine-1-300x300.jpg\" alt='' title=''   =\"thumbnailUrl\"  \/><\/div><\/div><\/div><\/div>\n<div class=\"flex_column av_three_fifth  flex_column_div av-zero-column-padding   \" style='border-radius:0px; '><section class=\"av_textblock_section \"  =\"\" =\"https:\/\/schema.org\/CreativeWork\" ><div class='avia_textblock  '  style='font-size:16px; '  =\"text\" ><p>Carine is a huge fan of\u2026 koalas, Friends (the show, although she also loves her own friends), and food. She already managed to save her Cord\u00e9e from a giant flooding coming from the upper floor apartment, and specializes in gigantic meals.<\/p>\n<\/div><\/section><\/div>\n<div class=\"flex_column av_one_fifth  flex_column_div av-zero-column-padding   \" style='border-radius:0px; '><p><div  style='height:30px' class='hr hr-invisible  '><span class='hr-inner ' ><span class='hr-inner-style'><\/span><\/span><\/div><br \/>\n<div  class='avia-button-wrap avia-button-center ' ><a href='https:\/\/www.la-cordee.net\/contact\/?theme=Visit&amp;lieu=Annecy' class='avia-button  avia-color-theme-color   avia-icon_select-no avia-size-large avia-position-center ' target=\"_blank\" rel=\"noopener noreferrer\"><span class='avia_iconbox_title' ><span style=\"font-size: 16px;\">Meet Carine at La Cord\u00e9e Annecy<\/span><\/span><\/a><\/div><\/p><\/div>\n<\/div><\/div><\/div><!-- close content main div --><\/div><\/div><div id='av_section_4'  class='avia-section main_color avia-section-default avia-no-border-styling  avia-bg-style-scroll   container_wrap fullsize' style='background-color: #8e320e;  '  ><div class='container' ><div class='template-page content  av-content-full alpha units'><div class='post-entry post-entry-type-page post-entry-1220'><div class='entry-content-wrapper clearfix'>\n<div  style='padding-bottom:10px; color:#ffffff;font-size:34px;' class='av-special-heading av-special-heading-h2 custom-color-heading blockquote modern-quote modern-centered  av-inherit-size '><h2 class='av-special-heading-tag '  =\"headline\"  >Prices (VAT excl.)<\/h2><div class='special-heading-border'><div class='special-heading-inner-border' style='border-color:#ffffff'><\/div><\/div><\/div>\n\n<div class=\"flex_column av_one_fifth  flex_column_div av-zero-column-padding first  \" style='border-radius:0px; '><\/div>\n<div class=\"flex_column av_three_fifth  flex_column_div av-zero-column-padding   \" style='border-radius:0px; '><section class=\"av_textblock_section \"  =\"\" =\"https:\/\/schema.org\/CreativeWork\" ><div class='avia_textblock  '  style='font-size:16px; '  =\"text\" ><div class=\"tlid-results-container results-container\">\n<div class=\"tlid-result result-dict-wrapper\">\n<div class=\"result tlid-copy-target\">\n<div class=\"text-wrap tlid-copy-target\">\n<div class=\"result-shield-container tlid-copy-target\">We want to make coworking as<strong>\u00a0flexible and accessible\u00a0<\/strong>as possible\u00a0<strong>:\u00a0<\/strong>you can<strong>\u00a0access any Cord\u00e9e 24\/7\u00a0<\/strong>with your<strong> badge, and only pay for the hours you spend there.<\/strong> It starts at 35\u20ac\/month then 3\u20ac\/hour.<\/div>\n<\/div>\n<\/div>\n<\/div>\n<\/div>\n<\/div><\/section><br \/>\n<div  style='height:20px' class='hr hr-invisible  '><span class='hr-inner ' ><span class='hr-inner-style'><\/span><\/span><\/div><br \/>\n<div  class='avia-button-wrap avia-button-center ' ><a href='https:\/\/www.la-cordee.net\/en\/our-prices-excluding-vat-lyon-annecy-nantes-rennes\/'  class='avia-button   avia-icon_select-no avia-size-x-large avia-position-center '  style='background-color:#b34319; border-color:#b34319; color:#ffffff; ' ><span class='avia_iconbox_title' >See our offers and prices<\/span><\/a><\/div><\/p><\/div><div class=\"flex_column av_one_fifth  flex_column_div av-zero-column-padding   \" style='border-radius:0px; '><\/div><\/p>\n<\/div><\/div><\/div><!-- close content main div --><\/div><\/div><div id='av_section_5'  class='avia-section main_color avia-section-default avia-no-border-styling  avia-bg-style-scroll   container_wrap fullsize' style='background-color: #31170d;  '  ><div class='container' ><div class='template-page content  av-content-full alpha units'><div class='post-entry post-entry-type-page post-entry-1220'><div class='entry-content-wrapper clearfix'>\n<div  style='padding-bottom:10px; color:#ffffff;font-size:34px;' class='av-special-heading av-special-heading-h2 custom-color-heading blockquote modern-quote modern-centered  av-inherit-size '><h2 class='av-special-heading-tag '  =\"headline\"  >More info<\/h2><div class='special-heading-border'><div class='special-heading-inner-border' style='border-color:#ffffff'><\/div><\/div><\/div>\n\n<\/div><\/div><\/div><!-- close content main div --><\/div><\/div><div id='av-layout-grid-1'  class='av-layout-grid-container entry-content-wrapper main_color av-flex-cells     container_wrap fullsize' style=' '  >\n<div class=\"flex_cell no_margin av_one_half   \" ><div class='flex_cell_inner' ><section class=\"av_textblock_section \"  =\"\" =\"https:\/\/schema.org\/CreativeWork\" ><div class='avia_textblock  '   =\"text\" ><h3 style=\"text-align: center;\">SOME THOUGHTS<\/h3>\n<\/div><\/section>\n<\/div><\/div><div class=\"flex_cell no_margin av_one_half   \"  style='vertical-align:top; padding:30px; ' ><div class='flex_cell_inner' ><section class=\"av_textblock_section \"  =\"\" =\"https:\/\/schema.org\/CreativeWork\" ><div class='avia_textblock  '   =\"text\" ><h3 style=\"text-align: center;\">ACCESS<\/h3>\n<\/div><\/section>\n<\/div><\/div>\n<\/div>\n<\/div><\/div><\/div><!-- close content main div --><\/div><\/div><div id='av-layout-grid-2'  class='av-layout-grid-container entry-content-wrapper main_color av-flex-cells     container_wrap fullsize' style=' '  >\n<div class=\"flex_cell no_margin av_one_half   \" ><div class='flex_cell_inner' >\n<\/div><\/div><div class=\"flex_cell no_margin av_one_half   \"  style='vertical-align:top; padding:30px; ' ><div class='flex_cell_inner' ><p><br \/>\n<section class=\"av_textblock_section \"  =\"\" =\"https:\/\/schema.org\/CreativeWork\" ><div class='avia_textblock  '   =\"text\" ><p><strong>La Cord\u00e9e Annecy<\/strong><br \/>\n4 rue Saint Fran\u00e7ois de Sales<br \/>\n74000 Annecy<\/p>\n<\/div><\/section><br \/>\n<div   class=\"togglecontainer   toggle_close_all \" >\n<section class=\"av_toggle_section\"  =\"\" =\"https:\/\/schema.org\/CreativeWork\"  >    <div role=\"tablist\" class=\"single_toggle\" data-tags=\"{All} \"  >        <p data-fake-id=\"#toggle-id-1\" class=\"toggler \"  =\"headline\"    role=\"tab\" tabindex=\"0\" aria-controls=\"toggle-id-1\">Parking<span class=\"toggle_icon\" >        <span class=\"vert_icon\"><\/span><span class=\"hor_icon\"><\/span><\/span><\/p>        <div id=\"toggle-id-1\" class=\"toggle_wrap \"   >            <div class=\"toggle_content invers-color \"  =\"text\"   ><p>Underground parking right down the Cord\u00e9e entrance (parking de La Poste).<\/p>\n            <\/div>        <\/div>    <\/div><\/section>\n<section class=\"av_toggle_section\"  =\"\" =\"https:\/\/schema.org\/CreativeWork\"  >    <div role=\"tablist\" class=\"single_toggle\" data-tags=\"{All} \"  >        <p data-fake-id=\"#toggle-id-2\" class=\"toggler \"  =\"headline\"    role=\"tab\" tabindex=\"0\" aria-controls=\"toggle-id-2\">Public transport<span class=\"toggle_icon\" >        <span class=\"vert_icon\"><\/span><span class=\"hor_icon\"><\/span><\/span><\/p>        <div id=\"toggle-id-2\" class=\"toggle_wrap \"   >            <div class=\"toggle_content invers-color \"  =\"text\"   ><p>Central train and bus stations 150 meters from the\u00a0Cord\u00e9e.<\/p>\n            <\/div>        <\/div>    <\/div><\/section>\n<\/div><\/p>\n<\/div><\/div>\n<\/div>\n<\/div><\/div><\/div><!-- close content main div --><\/div><\/div><div id='av_section_6'  class='avia-section main_color avia-section-default avia-no-border-styling  avia-bg-style-scroll   container_wrap fullsize' style='background-color: #b9bd13;  '  ><div class='container' ><div class='template-page content  av-content-full alpha units'><div class='post-entry post-entry-type-page post-entry-1220'><div class='entry-content-wrapper clearfix'>\n<div  style='padding-bottom:10px; color:#ffffff;' class='av-special-heading av-special-heading-h2 custom-color-heading blockquote modern-quote modern-centered  '><h2 class='av-special-heading-tag '  =\"headline\"  >ABOUT THIS CORDEE IN OUR MAGAZINE (in French)<\/h2><div class='special-heading-border'><div class='special-heading-inner-border' style='border-color:#ffffff'><\/div><\/div><\/div>\n\n<section class=\"av_textblock_section \"  =\"\" =\"https:\/\/schema.org\/CreativeWork\" ><div class='avia_textblock  '   =\"text\" >    <div class=\"last-3posts container d-md-flex\">\n        <div class=\"col-12 col-md-4 text-center\">\n            <div class=\"entry-image-inner\">\n                <a href=\"https:\/\/magazine.la-cordee.net\/coworking\/meilleurs-espaces-coworking-france-2026\/\"><img src=\"https:\/\/magazine.la-cordee.net\/wp-content\/uploads\/Meilleurs-espaces-coworking-France-2026-330x220.jpg.webp\"><\/a>            <\/div>\n            <div class=\"px-4\">\n                <div class=\"text-uppercase mb-2 mt-4 date\">21 April 2026<\/div>\n                <h5 class=\"entry-title text-uppercase\"><a href=\"https:\/\/magazine.la-cordee.net\/coworking\/meilleurs-espaces-coworking-france-2026\/\">Meilleurs espaces de coworking en France<\/a><\/h5>\n                <div class=\"entry-summary\"><p>Meilleurs espaces de coworking en France Vous cherchez un endroit o\u00f9 travailler sans vous sentir isol\u00e9, o\u00f9 les id\u00e9es circulent et o\u00f9 la productivit\u00e9&#8230;<\/p>\n<\/div>\n            <\/div>\n        <\/div>\n                <div class=\"col-12 col-md-4 text-center\">\n            <div class=\"entry-image-inner\">\n                <a href=\"https:\/\/magazine.la-cordee.net\/coworking\/meilleurs-espaces-coworking-villeurbanne\/\"><img src=\"https:\/\/magazine.la-cordee.net\/wp-content\/uploads\/Meilleurs-espaces-coworking-villeurbanne-330x220.jpg.webp\"><\/a>            <\/div>\n            <div class=\"px-4\">\n                <div class=\"text-uppercase mb-2 mt-4 date\">21 April 2026<\/div>\n                <h5 class=\"entry-title text-uppercase\"><a href=\"https:\/\/magazine.la-cordee.net\/coworking\/meilleurs-espaces-coworking-villeurbanne\/\">Meilleurs espaces de coworking Villeurbanne<\/a><\/h5>\n                <div class=\"entry-summary\"><p>Meilleurs espaces de coworking Villeurbanne Vous cherchez un endroit sympa pour travailler \u00e0 Villeurbanne sans vous sentir seul devant votre \u00e9cran ? Vous n\u2019\u00eates&#8230;<\/p>\n<\/div>\n            <\/div>\n        <\/div>\n                <div class=\"col-12 col-md-4 text-center\">\n            <div class=\"entry-image-inner\">\n                <a href=\"https:\/\/magazine.la-cordee.net\/coworking\/meilleurs-espaces-coworking-paris-12\/\"><img src=\"https:\/\/magazine.la-cordee.net\/wp-content\/uploads\/Meilleurs-espaces-coworking-Paris-12-330x220.jpg.webp\"><\/a>            <\/div>\n            <div class=\"px-4\">\n                <div class=\"text-uppercase mb-2 mt-4 date\">21 April 2026<\/div>\n                <h5 class=\"entry-title text-uppercase\"><a href=\"https:\/\/magazine.la-cordee.net\/coworking\/meilleurs-espaces-coworking-paris-12\/\">Meilleurs espaces de coworking Paris 12<\/a><\/h5>\n                <div class=\"entry-summary\"><p>Meilleurs espaces de coworking Paris 12 Vous travaillez en freelance, vous g\u00e9rez une startup ou vous cherchez simplement un cadre plus stimulant que votre&#8230;<\/p>\n<\/div>\n            <\/div>\n        <\/div>\n<\/div>\n    \n<\/div><\/section>\n<div  class='avia-button-wrap avia-button-center ' ><a href=''  class='avia-button  avia-color-theme-color   avia-icon_select-yes-left-icon avia-size-small avia-position-center '   ><span class='avia_button_icon avia_button_icon_left ' aria-hidden='true' data-av_icon='' data-av_iconfont='entypo-fontello'><\/span><span class='avia_iconbox_title' >Cliquez sur moi<\/span><\/a><\/div>\n","protected":false},"featured_media":1935955,"template":"","better_featured_image":{"id":1935955,"alt_text":"Espace de travail partag\u00e9 \u00e0 La Cord\u00e9e cowoking, Annecy","caption":"","description":"","media_type":"image","media_details":{"width":1000,"height":667,"file":"202311_LaCordee_Annecy_Gare-198.jpg","filesize":399907,"sizes":{"medium_large":{"file":"202311_LaCordee_Annecy_Gare-198-768x512.jpg","width":768,"height":512,"mime-type":"image\/jpeg","filesize":329634,"source_url":"https:\/\/www.la-cordee.net\/wp-content\/uploads\/202311_LaCordee_Annecy_Gare-198-768x512.jpg"},"widget":{"file":"202311_LaCordee_Annecy_Gare-198-36x36.jpg","width":36,"height":36,"mime-type":"image\/jpeg","filesize":32287,"source_url":"https:\/\/www.la-cordee.net\/wp-content\/uploads\/202311_LaCordee_Annecy_Gare-198-36x36.jpg"},"square":{"file":"202311_LaCordee_Annecy_Gare-198-180x180.jpg","width":180,"height":180,"mime-type":"image\/jpeg","filesize":68758,"source_url":"https:\/\/www.la-cordee.net\/wp-content\/uploads\/202311_LaCordee_Annecy_Gare-198-180x180.jpg"},"featured":{"file":"202311_LaCordee_Annecy_Gare-198-1000x430.jpg","width":1000,"height":430,"mime-type":"image\/jpeg","filesize":365699,"source_url":"https:\/\/www.la-cordee.net\/wp-content\/uploads\/202311_LaCordee_Annecy_Gare-198-1000x430.jpg"},"featured_large":{"file":"202311_LaCordee_Annecy_Gare-198-1000x630.jpg","width":1000,"height":630,"mime-type":"image\/jpeg","filesize":500332,"source_url":"https:\/\/www.la-cordee.net\/wp-content\/uploads\/202311_LaCordee_Annecy_Gare-198-1000x630.jpg"},"portfolio":{"file":"202311_LaCordee_Annecy_Gare-198-495x400.jpg","width":495,"height":400,"mime-type":"image\/jpeg","filesize":202464,"source_url":"https:\/\/www.la-cordee.net\/wp-content\/uploads\/202311_LaCordee_Annecy_Gare-198-495x400.jpg"},"portfolio_small":{"file":"202311_LaCordee_Annecy_Gare-198-260x185.jpg","width":260,"height":185,"mime-type":"image\/jpeg","filesize":82758,"source_url":"https:\/\/www.la-cordee.net\/wp-content\/uploads\/202311_LaCordee_Annecy_Gare-198-260x185.jpg"},"gallery":{"file":"202311_LaCordee_Annecy_Gare-198-845x667.jpg","width":845,"height":667,"mime-type":"image\/jpeg","filesize":466007,"source_url":"https:\/\/www.la-cordee.net\/wp-content\/uploads\/202311_LaCordee_Annecy_Gare-198-845x667.jpg"},"magazine":{"file":"202311_LaCordee_Annecy_Gare-198-710x375.jpg","width":710,"height":375,"mime-type":"image\/jpeg","filesize":247677,"source_url":"https:\/\/www.la-cordee.net\/wp-content\/uploads\/202311_LaCordee_Annecy_Gare-198-710x375.jpg"},"masonry":{"file":"202311_LaCordee_Annecy_Gare-198-705x470.jpg","width":705,"height":470,"mime-type":"image\/jpeg","filesize":291173,"source_url":"https:\/\/www.la-cordee.net\/wp-content\/uploads\/202311_LaCordee_Annecy_Gare-198-705x470.jpg"},"entry_with_sidebar":{"file":"202311_LaCordee_Annecy_Gare-198-845x321.jpg","width":845,"height":321,"mime-type":"image\/jpeg","filesize":240317,"source_url":"https:\/\/www.la-cordee.net\/wp-content\/uploads\/202311_LaCordee_Annecy_Gare-198-845x321.jpg"},"entry_without_sidebar":{"file":"202311_LaCordee_Annecy_Gare-198-1000x423.jpg","width":1000,"height":423,"mime-type":"image\/jpeg","filesize":359845,"source_url":"https:\/\/www.la-cordee.net\/wp-content\/uploads\/202311_LaCordee_Annecy_Gare-198-1000x423.jpg"}},"image_meta":{"aperture":"2.2","credit":"","camera":"X-T4","caption":"","created_timestamp":"1701774646","copyright":"","focal_length":"35","iso":"1250","shutter_speed":"0.005","title":"","orientation":"0","keywords":[]}},"post":1934453,"source_url":"https:\/\/www.la-cordee.net\/wp-content\/uploads\/202311_LaCordee_Annecy_Gare-198.jpg"},"acf":{"id-du-couteau-suisse":"1044","e-mail-du-couteau-suisse":"annecy@la-cordee.net","addresse_de_la_cordee":"4 rue Saint Fran\u00e7ois de Sales<br \/>\r\n74000 Annecy","latitude":"45.9008126","longitude":"6.1225117","cordee-contact-form-select-name":"La Cord\u00e9e Annecy Centre-Ville","en-construction":false,"icone-cordee":{"ID":538,"id":538,"title":"Cordee-icon-Annecy","filename":"Cordee-icon-Annecy.png","filesize":1685,"url":"https:\/\/www.la-cordee.net\/wp-content\/uploads\/Cordee-icon-Annecy.png","link":"https:\/\/www.la-cordee.net\/en\/cordee\/annecy\/coworking-space-annecy\/attachment\/cordee-icon-annecy-2\/","alt":"","author":"1","description":"","caption":"","name":"cordee-icon-annecy-2","status":"inherit","uploaded_to":1220,"date":"2018-12-14 13:33:28","modified":"2019-01-03 15:42:25","menu_order":0,"mime_type":"image\/png","type":"image","subtype":"png","icon":"https:\/\/www.la-cordee.net\/wp-includes\/images\/media\/default.png","width":146,"height":150,"sizes":{"thumbnail":"https:\/\/www.la-cordee.net\/wp-content\/uploads\/Cordee-icon-Annecy-80x80.png","thumbnail-width":80,"thumbnail-height":80,"medium":"https:\/\/www.la-cordee.net\/wp-content\/uploads\/Cordee-icon-Annecy.png","medium-width":146,"medium-height":150,"medium_large":"https:\/\/www.la-cordee.net\/wp-content\/uploads\/Cordee-icon-Annecy.png","medium_large-width":146,"medium_large-height":150,"large":"https:\/\/www.la-cordee.net\/wp-content\/uploads\/Cordee-icon-Annecy.png","large-width":146,"large-height":150,"1536x1536":"https:\/\/www.la-cordee.net\/wp-content\/uploads\/Cordee-icon-Annecy.png","1536x1536-width":146,"1536x1536-height":150,"2048x2048":"https:\/\/www.la-cordee.net\/wp-content\/uploads\/Cordee-icon-Annecy.png","2048x2048-width":146,"2048x2048-height":150,"widget":"https:\/\/www.la-cordee.net\/wp-content\/uploads\/Cordee-icon-Annecy-36x36.png","widget-width":36,"widget-height":36,"square":"https:\/\/www.la-cordee.net\/wp-content\/uploads\/Cordee-icon-Annecy.png","square-width":146,"square-height":150,"featured":"https:\/\/www.la-cordee.net\/wp-content\/uploads\/Cordee-icon-Annecy.png","featured-width":146,"featured-height":150,"featured_large":"https:\/\/www.la-cordee.net\/wp-content\/uploads\/Cordee-icon-Annecy.png","featured_large-width":146,"featured_large-height":150,"extra_large":"https:\/\/www.la-cordee.net\/wp-content\/uploads\/Cordee-icon-Annecy.png","extra_large-width":146,"extra_large-height":150,"portfolio":"https:\/\/www.la-cordee.net\/wp-content\/uploads\/Cordee-icon-Annecy.png","portfolio-width":146,"portfolio-height":150,"portfolio_small":"https:\/\/www.la-cordee.net\/wp-content\/uploads\/Cordee-icon-Annecy.png","portfolio_small-width":146,"portfolio_small-height":150,"gallery":"https:\/\/www.la-cordee.net\/wp-content\/uploads\/Cordee-icon-Annecy.png","gallery-width":146,"gallery-height":150,"magazine":"https:\/\/www.la-cordee.net\/wp-content\/uploads\/Cordee-icon-Annecy.png","magazine-width":146,"magazine-height":150,"masonry":"https:\/\/www.la-cordee.net\/wp-content\/uploads\/Cordee-icon-Annecy.png","masonry-width":146,"masonry-height":150,"entry_with_sidebar":"https:\/\/www.la-cordee.net\/wp-content\/uploads\/Cordee-icon-Annecy.png","entry_with_sidebar-width":146,"entry_with_sidebar-height":150,"entry_without_sidebar":"https:\/\/www.la-cordee.net\/wp-content\/uploads\/Cordee-icon-Annecy.png","entry_without_sidebar-width":146,"entry_without_sidebar-height":150,"gform-image-choice-sm":"https:\/\/www.la-cordee.net\/wp-content\/uploads\/Cordee-icon-Annecy.png","gform-image-choice-sm-width":146,"gform-image-choice-sm-height":150,"gform-image-choice-md":"https:\/\/www.la-cordee.net\/wp-content\/uploads\/Cordee-icon-Annecy.png","gform-image-choice-md-width":146,"gform-image-choice-md-height":150,"gform-image-choice-lg":"https:\/\/www.la-cordee.net\/wp-content\/uploads\/Cordee-icon-Annecy.png","gform-image-choice-lg-width":146,"gform-image-choice-lg-height":150}},"mailchimp-list-id":"","fresque":"Annecy","visible-dans-la-fresque":"1","ville_de_cette_cordee":[{"ID":354,"post_author":"1","post_date":"2018-12-13 16:34:48","post_date_gmt":"2018-12-13 15:34:48","post_content":"","post_title":"Annecy","post_excerpt":"","post_status":"publish","comment_status":"closed","ping_status":"closed","post_password":"","post_name":"annecy","to_ping":"","pinged":"","post_modified":"2018-12-13 16:36:33","post_modified_gmt":"2018-12-13 15:36:33","post_content_filtered":"","post_parent":0,"guid":"https:\/\/www.la-cordee.net\/?post_type=villes&#038;p=354","menu_order":0,"post_type":"villes","post_mime_type":"","comment_count":"0","filter":"raw"}],"footer_description":""},"yoast_head":"<!-- This site is optimized with the Yoast SEO plugin v21.0 - https:\/\/yoast.com\/wordpress\/plugins\/seo\/ -->\n<title>Coworking space Annecy, Gare | La Cord\u00e9e<\/title>\n<meta name=\"description\" content=\"Our coworking space in Annecy is located in the city center near the train station. It provides a range of shared offices and meeting rooms.\" \/>\n<meta name=\"robots\" content=\"index, follow, max-snippet:-1, max-image-preview:large, max-video-preview:-1\" \/>\n<link rel=\"canonical\" href=\"https:\/\/www.la-cordee.net\/en\/cordee\/annecy\/coworking-space-annecy\/\" \/>\n<meta property=\"og:locale\" content=\"en_US\" \/>\n<meta property=\"og:type\" content=\"article\" \/>\n<meta property=\"og:title\" content=\"Coworking space Annecy, Gare | La Cord\u00e9e\" \/>\n<meta property=\"og:description\" content=\"Our coworking space in Annecy is located in the city center near the train station. It provides a range of shared offices and meeting rooms.\" \/>\n<meta property=\"og:url\" content=\"https:\/\/www.la-cordee.net\/en\/cordee\/annecy\/coworking-space-annecy\/\" \/>\n<meta property=\"og:site_name\" content=\"La Cord\u00e9e\" \/>\n<meta property=\"article:modified_time\" content=\"2026-03-23T12:20:08+00:00\" \/>\n<meta property=\"og:image\" content=\"https:\/\/www.la-cordee.net\/wp-content\/uploads\/202311_LaCordee_Annecy_Gare-198.jpg\" \/>\n\t<meta property=\"og:image:width\" content=\"1000\" \/>\n\t<meta property=\"og:image:height\" content=\"667\" \/>\n\t<meta property=\"og:image:type\" content=\"image\/jpeg\" \/>\n<meta name=\"twitter:card\" content=\"summary_large_image\" \/>\n<meta name=\"twitter:label1\" content=\"Est. reading time\" \/>\n\t<meta name=\"twitter:data1\" content=\"9 minutes\" \/>\n<!-- \/ Yoast SEO plugin. -->","yoast_head_json":{"title":"Coworking space Annecy, Gare | La Cord\u00e9e","description":"Our coworking space in Annecy is located in the city center near the train station. It provides a range of shared offices and meeting rooms.","robots":{"index":"index","follow":"follow","max-snippet":"max-snippet:-1","max-image-preview":"max-image-preview:large","max-video-preview":"max-video-preview:-1"},"canonical":"https:\/\/www.la-cordee.net\/en\/cordee\/annecy\/coworking-space-annecy\/","og_locale":"en_US","og_type":"article","og_title":"Coworking space Annecy, Gare | La Cord\u00e9e","og_description":"Our coworking space in Annecy is located in the city center near the train station. It provides a range of shared offices and meeting rooms.","og_url":"https:\/\/www.la-cordee.net\/en\/cordee\/annecy\/coworking-space-annecy\/","og_site_name":"La Cord\u00e9e","article_modified_time":"2026-03-23T12:20:08+00:00","og_image":[{"width":1000,"height":667,"url":"https:\/\/www.la-cordee.net\/wp-content\/uploads\/202311_LaCordee_Annecy_Gare-198.jpg","type":"image\/jpeg"}],"twitter_card":"summary_large_image","twitter_misc":{"Est. reading time":"9 minutes"},"schema":{"@context":"https:\/\/schema.org","@graph":[{"@type":"WebPage","@id":"https:\/\/www.la-cordee.net\/en\/cordee\/annecy\/coworking-space-annecy\/","url":"https:\/\/www.la-cordee.net\/en\/cordee\/annecy\/coworking-space-annecy\/","name":"Coworking space Annecy, Gare | La Cord\u00e9e","isPartOf":{"@id":"https:\/\/www.la-cordee.net\/#website"},"datePublished":"2019-01-03T15:42:25+00:00","dateModified":"2026-03-23T12:20:08+00:00","description":"Our coworking space in Annecy is located in the city center near the train station. It provides a range of shared offices and meeting rooms.","breadcrumb":{"@id":"https:\/\/www.la-cordee.net\/en\/cordee\/annecy\/coworking-space-annecy\/#breadcrumb"},"inLanguage":"en-US","potentialAction":[{"@type":"ReadAction","target":["https:\/\/www.la-cordee.net\/en\/cordee\/annecy\/coworking-space-annecy\/"]}]},{"@type":"BreadcrumbList","@id":"https:\/\/www.la-cordee.net\/en\/cordee\/annecy\/coworking-space-annecy\/#breadcrumb","itemListElement":[{"@type":"ListItem","position":1,"name":"Accueil","item":"https:\/\/www.la-cordee.net\/en\/accueil\/"},{"@type":"ListItem","position":2,"name":"Annecy"}]},{"@type":"WebSite","@id":"https:\/\/www.la-cordee.net\/#website","url":"https:\/\/www.la-cordee.net\/","name":"La Cord\u00e9e","description":"Espaces de coworking \u00e0 Lyon, Paris, Nantes, Rennes, Annecy","publisher":{"@id":"https:\/\/www.la-cordee.net\/#organization"},"potentialAction":[{"@type":"SearchAction","target":{"@type":"EntryPoint","urlTemplate":"https:\/\/www.la-cordee.net\/?s={search_term_string}"},"query-input":"required name=search_term_string"}],"inLanguage":"en-US"},{"@type":"Organization","@id":"https:\/\/www.la-cordee.net\/#organization","name":"La Cord\u00e9e","url":"https:\/\/www.la-cordee.net\/","logo":{"@type":"ImageObject","inLanguage":"en-US","@id":"https:\/\/www.la-cordee.net\/#\/schema\/logo\/image\/","url":"https:\/\/www.la-cordee.net\/wp-content\/uploads\/CORDEE_LOGO.png","contentUrl":"https:\/\/www.la-cordee.net\/wp-content\/uploads\/CORDEE_LOGO.png","width":200,"height":146,"caption":"La Cord\u00e9e"},"image":{"@id":"https:\/\/www.la-cordee.net\/#\/schema\/logo\/image\/"}}]}},"_links":{"self":[{"href":"https:\/\/www.la-cordee.net\/en\/wp-json\/wp\/v2\/cordee\/1220"}],"collection":[{"href":"https:\/\/www.la-cordee.net\/en\/wp-json\/wp\/v2\/cordee"}],"about":[{"href":"https:\/\/www.la-cordee.net\/en\/wp-json\/wp\/v2\/types\/cordee"}],"wp:featuredmedia":[{"embeddable":true,"href":"https:\/\/www.la-cordee.net\/en\/wp-json\/wp\/v2\/media\/1935955"}],"wp:attachment":[{"href":"https:\/\/www.la-cordee.net\/en\/wp-json\/wp\/v2\/media?parent=1220"}],"curies":[{"name":"wp","href":"https:\/\/api.w.org\/{rel}","templated":true}]}}